{"id":2815,"date":"2020-08-19T13:59:39","date_gmt":"2020-08-19T17:59:39","guid":{"rendered":"https:\/\/www.ready-initiative.org\/?page_id=2815"},"modified":"2020-09-09T14:58:01","modified_gmt":"2020-09-09T18:58:01","slug":"community-health-programming","status":"publish","type":"page","link":"https:\/\/www.ready-initiative.org\/es\/training-page\/community-health-programming\/","title":{"rendered":"Programaci\u00f3n de salud comunitaria"},"content":{"rendered":"<style type=\"text\/css\" data-created_by=\"avia_inline_auto\" id=\"style-css-av-2vg4j3-28d18d236ce24d008b086e65b67ce5d5\">\n.flex_column.av-2vg4j3-28d18d236ce24d008b086e65b67ce5d5{\nborder-radius:0px 0px 0px 0px;\npadding:0px 0px 0px 0px;\n}\n<\/style>\n<div class='flex_column av-2vg4j3-28d18d236ce24d008b086e65b67ce5d5 av_one_full avia-builder-el-0 el_before_av_textblock avia-builder-el-first first flex_column_div av-zero-column-padding' ><section class='av_textblock_section av-ke9yrcxm-25180f56fd684e9fdc48744be0c97674' itemscope=\"itemscope\" itemtype=\"https:\/\/schema.org\/CreativeWork\" ><div class='avia_textblock' itemprop=\"text\" ><h2 style=\"text-align: center;\">M\u00f3dulo 3: <span class=\"TextRun BCX0 SCXW266909287\" lang=\"EN-US\" xml:lang=\"EN-US\" data-contrast=\"auto\"><span class=\"NormalTextRun BCX0 SCXW266909287\">Programaci\u00f3n de salud comunitaria<\/span><\/span><\/h2>\n<p><em><a href=\"https:\/\/community.ready-initiative.org\/c\/covid-19-micro-trainings\/42\" target=\"_blank\" rel=\"noopener noreferrer\">Para descargar presentaciones en formato .pdf o participar en debates sobre esta serie de capacitaci\u00f3n, <strong>visite los foros de discusi\u00f3n de READY<\/strong><\/a> (se requiere registro gratuito).<\/em><\/p>\n<\/div><\/section><br \/>\n<div class='hr av-38lla7-62ffa37cd1a7c769196980a9afe4c929 hr-default avia-builder-el-2 el_after_av_textblock avia-builder-el-last'><span class='hr-inner'><span class=\"hr-inner-style\"><\/span><\/span><\/div><\/p><\/div>\n<section class='av_textblock_section av-keui9uii-1917a9dba3200d9a286598040388abed' itemscope=\"itemscope\" itemtype=\"https:\/\/schema.org\/CreativeWork\" ><div class='avia_textblock' itemprop=\"text\" ><h3>Sesiones fundacionales<\/h3>\n<p>Estas sesiones brindan una introducci\u00f3n a los conceptos de programaci\u00f3n de salud comunitaria y c\u00f3mo adaptarlos a las exigencias del COVID-19, incluida la priorizaci\u00f3n de los servicios de salud esenciales, el papel de los trabajadores de salud comunitarios y la atenci\u00f3n a grupos particularmente vulnerables y de alto riesgo. <strong>(5 sesiones)<\/strong><\/p>\n<\/div><\/section>\n\n<style type=\"text\/css\" data-created_by=\"avia_inline_auto\" id=\"style-css-av-ke9y0uq3-d06ea56fe372314ec0019cb9bee46488\">\n.flex_column.av-ke9y0uq3-d06ea56fe372314ec0019cb9bee46488{\nborder-radius:0px 0px 0px 0px;\npadding:0px 0px 0px 0px;\n}\n<\/style>\n<div class='flex_column av-ke9y0uq3-d06ea56fe372314ec0019cb9bee46488 av_one_third avia-builder-el-4 el_after_av_textblock el_before_av_one_third first flex_column_div av-zero-column-padding avia-link-column av-column-link avia-link-column-hover column-top-margin' data-link-column-url=\"https:\/\/www.ready-initiative.org\/es\/training-page\/community-health-programming\/introduction\/\" ><a class=\"av-screen-reader-only\" href=\"https:\/\/www.ready-initiative.org\/es\/training-page\/community-health-programming\/introduction\/\" >Link to: Introduction to Community Health Programming<\/a><section class='av_textblock_section av-ke9y1n80-92f1649749dd44cdf8c832c387a65f71' itemscope=\"itemscope\" itemtype=\"https:\/\/schema.org\/CreativeWork\" ><div class='avia_textblock module-topic' itemprop=\"text\" ><h3 style=\"text-align: left;\">Sesi\u00f3n 1: Introducci\u00f3n a la programaci\u00f3n de salud comunitaria<\/h3>\n<\/div><\/section><br \/>\n\n<style type=\"text\/css\" data-created_by=\"avia_inline_auto\" id=\"style-css-av-ke9y2518-f5259acc58733373e31b71cb85691547\">\n.avia-image-container.av-ke9y2518-f5259acc58733373e31b71cb85691547 img.avia_image{\nbox-shadow:none;\n}\n.avia-image-container.av-ke9y2518-f5259acc58733373e31b71cb85691547 .av-image-caption-overlay-center{\ncolor:#ffffff;\n}\n<\/style>\n<div class='avia-image-container av-ke9y2518-f5259acc58733373e31b71cb85691547 av-styling- avia-align-center avia-builder-el-6 el_after_av_textblock el_before_av_textblock' itemprop=\"image\" itemscope=\"itemscope\" itemtype=\"https:\/\/schema.org\/ImageObject\" ><div class=\"avia-image-container-inner\"><div class=\"avia-image-overlay-wrap\"><img fetchpriority=\"high\" decoding=\"async\" class='wp-image-3355 avia-img-lazy-loading-not-3355 avia_image' src=\"https:\/\/www.ready-initiative.org\/wp-content\/uploads\/2020\/09\/video-thumb-chp-intro.png\" alt='' title='video-thumb-chp-intro' height=\"168\" width=\"300\" itemprop=\"thumbnailUrl\" \/><\/div><\/div><\/div><br \/>\n<section class='av_textblock_section av-ke9y1n80-d3e1f0660b86064c9ed487f347d1eb58' itemscope=\"itemscope\" itemtype=\"https:\/\/schema.org\/CreativeWork\" ><div class='avia_textblock' itemprop=\"text\" ><p style=\"text-align: left;\">\u00bfQu\u00e9 es la programaci\u00f3n de salud comunitaria? En esta sesi\u00f3n, Donatella Massai, directora t\u00e9cnica s\u00e9nior de READY, define los elementos clave de la programaci\u00f3n de salud comunitaria y las adaptaciones necesarias para mitigar la transmisi\u00f3n de la COVID-19 a nivel comunitario. Donatella tambi\u00e9n examina las aplicaciones de la programaci\u00f3n de salud comunitaria en diversos contextos y los desaf\u00edos relacionados.<\/p>\n<\/div><\/section><\/p><\/div>\n\n<style type=\"text\/css\" data-created_by=\"avia_inline_auto\" id=\"style-css-av-ke9y0uq3-5c38a818c5d0cf66c9cf7ec02b1a5dc2\">\n.flex_column.av-ke9y0uq3-5c38a818c5d0cf66c9cf7ec02b1a5dc2{\nborder-radius:0px 0px 0px 0px;\npadding:0px 0px 0px 0px;\n}\n<\/style>\n<div class='flex_column av-ke9y0uq3-5c38a818c5d0cf66c9cf7ec02b1a5dc2 av_one_third avia-builder-el-8 el_after_av_one_third el_before_av_one_third flex_column_div av-zero-column-padding avia-link-column av-column-link avia-link-column-hover column-top-margin' data-link-column-url=\"https:\/\/www.ready-initiative.org\/es\/training-page\/community-health-programming\/prioritization-of-essential-health-services\/\" ><a class=\"av-screen-reader-only\" href=\"https:\/\/www.ready-initiative.org\/es\/training-page\/community-health-programming\/prioritization-of-essential-health-services\/\" >Link to: Prioritization of Essential Community Health Services<\/a><section class='av_textblock_section av-ke9y1n80-92f1649749dd44cdf8c832c387a65f71' itemscope=\"itemscope\" itemtype=\"https:\/\/schema.org\/CreativeWork\" ><div class='avia_textblock module-topic' itemprop=\"text\" ><h3 style=\"text-align: left;\">Sesi\u00f3n 2: Priorizaci\u00f3n de los servicios esenciales de salud comunitaria<\/h3>\n<\/div><\/section><br \/>\n\n<style type=\"text\/css\" data-created_by=\"avia_inline_auto\" id=\"style-css-av-ke9y2518-e203d76af41a6efc4b6daa98a7b12797\">\n.avia-image-container.av-ke9y2518-e203d76af41a6efc4b6daa98a7b12797 img.avia_image{\nbox-shadow:none;\n}\n.avia-image-container.av-ke9y2518-e203d76af41a6efc4b6daa98a7b12797 .av-image-caption-overlay-center{\ncolor:#ffffff;\n}\n<\/style>\n<div class='avia-image-container av-ke9y2518-e203d76af41a6efc4b6daa98a7b12797 av-styling- avia-align-center avia-builder-el-10 el_after_av_textblock el_before_av_textblock' itemprop=\"image\" itemscope=\"itemscope\" itemtype=\"https:\/\/schema.org\/ImageObject\" ><div class=\"avia-image-container-inner\"><div class=\"avia-image-overlay-wrap\"><img fetchpriority=\"high\" decoding=\"async\" class='wp-image-3367 avia-img-lazy-loading-not-3367 avia_image' src=\"https:\/\/www.ready-initiative.org\/wp-content\/uploads\/2020\/09\/video-thumb-chp-prioritize-1.png\" alt='' title='video-thumb-chp-priorizar' height=\"168\" width=\"300\" itemprop=\"thumbnailUrl\" \/><\/div><\/div><\/div><br \/>\n<section class='av_textblock_section av-ke9y1n80-d3e1f0660b86064c9ed487f347d1eb58' itemscope=\"itemscope\" itemtype=\"https:\/\/schema.org\/CreativeWork\" ><div class='avia_textblock' itemprop=\"text\" ><p>Ahora m\u00e1s que nunca, las organizaciones se ven obligadas a priorizar los servicios comunitarios que brindan. En esta sesi\u00f3n, la investigadora asociada Daniella Trowbridge del Centro de Salud Humanitaria de Johns Hopkins analiza c\u00f3mo priorizar los servicios esenciales durante la COVID-19 y las acciones relacionadas para diferentes contextos humanitarios. Daniella tambi\u00e9n presentar\u00e1 algunas de las adaptaciones clave que se deben considerar al modificar las actividades de CHP para la COVID-19.<\/p>\n<\/div><\/section><\/p><\/div>\n\n<style type=\"text\/css\" data-created_by=\"avia_inline_auto\" id=\"style-css-av-ke9y0uq3-7026d52f6b037221c4cbcd99e9eccb0f\">\n.flex_column.av-ke9y0uq3-7026d52f6b037221c4cbcd99e9eccb0f{\nborder-radius:0px 0px 0px 0px;\npadding:0px 0px 0px 0px;\n}\n<\/style>\n<div class='flex_column av-ke9y0uq3-7026d52f6b037221c4cbcd99e9eccb0f av_one_third avia-builder-el-12 el_after_av_one_third el_before_av_one_third flex_column_div av-zero-column-padding avia-link-column av-column-link avia-link-column-hover column-top-margin' data-link-column-url=\"https:\/\/www.ready-initiative.org\/es\/training-page\/community-health-programming\/role-of-community-health-worker\/\" ><a class=\"av-screen-reader-only\" href=\"https:\/\/www.ready-initiative.org\/es\/training-page\/community-health-programming\/role-of-community-health-worker\/\" >Link to: Role of the Community Health Worker in COVID-19<\/a><section class='av_textblock_section av-ke9y1n80-92f1649749dd44cdf8c832c387a65f71' itemscope=\"itemscope\" itemtype=\"https:\/\/schema.org\/CreativeWork\" ><div class='avia_textblock module-topic' itemprop=\"text\" ><h3 style=\"text-align: left;\">Sesi\u00f3n 3: El papel del trabajador de salud comunitario en la COVID-19<\/h3>\n<\/div><\/section><br \/>\n\n<style type=\"text\/css\" data-created_by=\"avia_inline_auto\" id=\"style-css-av-ke9y2518-504abf22df4caeaa424bd823d78cf675\">\n.avia-image-container.av-ke9y2518-504abf22df4caeaa424bd823d78cf675 img.avia_image{\nbox-shadow:none;\n}\n.avia-image-container.av-ke9y2518-504abf22df4caeaa424bd823d78cf675 .av-image-caption-overlay-center{\ncolor:#ffffff;\n}\n<\/style>\n<div class='avia-image-container av-ke9y2518-504abf22df4caeaa424bd823d78cf675 av-styling- avia-align-center avia-builder-el-14 el_after_av_textblock el_before_av_textblock' itemprop=\"image\" itemscope=\"itemscope\" itemtype=\"https:\/\/schema.org\/ImageObject\" ><div class=\"avia-image-container-inner\"><div class=\"avia-image-overlay-wrap\"><img fetchpriority=\"high\" decoding=\"async\" class='wp-image-3356 avia-img-lazy-loading-not-3356 avia_image' src=\"https:\/\/www.ready-initiative.org\/wp-content\/uploads\/2020\/09\/video-thumb-chp-prioritize.png\" alt='' title='video-thumb-chp-el-papel-del-chw' height=\"169\" width=\"300\" itemprop=\"thumbnailUrl\" \/><\/div><\/div><\/div><br \/>\n<section class='av_textblock_section av-ke9y1n80-d3e1f0660b86064c9ed487f347d1eb58' itemscope=\"itemscope\" itemtype=\"https:\/\/schema.org\/CreativeWork\" ><div class='avia_textblock' itemprop=\"text\" ><p>A medida que el papel del trabajador de salud comunitario contin\u00faa evolucionando a lo largo de la pandemia, en particular cuando se debe minimizar el compromiso con las comunidades, \u00bfd\u00f3nde pueden ser m\u00e1s eficaces? En esta sesi\u00f3n se examinan las actividades del trabajador de salud comunitario durante la COVID-19 y las adaptaciones necesarias para garantizar que su funci\u00f3n sea segura y eficaz a la hora de minimizar la transmisi\u00f3n de la COVID-19.<\/p>\n<\/div><\/section><\/p><\/div>\n\n<style type=\"text\/css\" data-created_by=\"avia_inline_auto\" id=\"style-css-av-ke9y0uq3-f6ee93053467e8d6cff74ed1a83a17d5\">\n.flex_column.av-ke9y0uq3-f6ee93053467e8d6cff74ed1a83a17d5{\nborder-radius:0px 0px 0px 0px;\npadding:0px 0px 0px 0px;\n}\n<\/style>\n<div class='flex_column av-ke9y0uq3-f6ee93053467e8d6cff74ed1a83a17d5 av_one_third avia-builder-el-16 el_after_av_one_third el_before_av_one_third first flex_column_div av-zero-column-padding avia-link-column av-column-link avia-link-column-hover column-top-margin' data-link-column-url=\"https:\/\/www.ready-initiative.org\/es\/training-page\/community-health-programming\/care-for-vulnerable-and-high-risk-individuals\/\" ><a class=\"av-screen-reader-only\" href=\"https:\/\/www.ready-initiative.org\/es\/training-page\/community-health-programming\/care-for-vulnerable-and-high-risk-individuals\/\" >Link to: Care for Vulnerable and High-Risk Individuals<\/a><section class='av_textblock_section av-ke9y1n80-92f1649749dd44cdf8c832c387a65f71' itemscope=\"itemscope\" itemtype=\"https:\/\/schema.org\/CreativeWork\" ><div class='avia_textblock module-topic' itemprop=\"text\" ><h3 style=\"text-align: left;\">Sesi\u00f3n 4: Atenci\u00f3n a personas vulnerables y de alto riesgo<\/h3>\n<\/div><\/section><br \/>\n\n<style type=\"text\/css\" data-created_by=\"avia_inline_auto\" id=\"style-css-av-ke9y2518-b65fd491ae77fa9b2a4fed8e05defc3b\">\n.avia-image-container.av-ke9y2518-b65fd491ae77fa9b2a4fed8e05defc3b img.avia_image{\nbox-shadow:none;\n}\n.avia-image-container.av-ke9y2518-b65fd491ae77fa9b2a4fed8e05defc3b .av-image-caption-overlay-center{\ncolor:#ffffff;\n}\n<\/style>\n<div class='avia-image-container av-ke9y2518-b65fd491ae77fa9b2a4fed8e05defc3b av-styling- avia-align-center avia-builder-el-18 el_after_av_textblock el_before_av_textblock' itemprop=\"image\" itemscope=\"itemscope\" itemtype=\"https:\/\/schema.org\/ImageObject\" ><div class=\"avia-image-container-inner\"><div class=\"avia-image-overlay-wrap\"><img fetchpriority=\"high\" decoding=\"async\" class='wp-image-3351 avia-img-lazy-loading-not-3351 avia_image' src=\"https:\/\/www.ready-initiative.org\/wp-content\/uploads\/2020\/09\/video-thumb-chp-care-vulnerable-high-risk.png\" alt='' title='video-thumb-chp-care-vulnerable-alto-riesgo' height=\"167\" width=\"300\" itemprop=\"thumbnailUrl\" \/><\/div><\/div><\/div><br \/>\n<section class='av_textblock_section av-ke9y1n80-d3e1f0660b86064c9ed487f347d1eb58' itemscope=\"itemscope\" itemtype=\"https:\/\/schema.org\/CreativeWork\" ><div class='avia_textblock' itemprop=\"text\" ><p>\u00bfQui\u00e9nes corren el riesgo de sufrir consecuencias graves de la COVID-19 en situaciones humanitarias? En esta sesi\u00f3n se analiza qui\u00e9nes son los m\u00e1s vulnerables y se abordan los desaf\u00edos que supone el cuidado de estos grupos. La sesi\u00f3n tambi\u00e9n aborda las actividades complementarias, como la preparaci\u00f3n de un hogar y la capacitaci\u00f3n de los cuidadores cuando hay un caso leve o sospechoso de COVID-19.<\/p>\n<\/div><\/section><\/p><\/div>\n\n<style type=\"text\/css\" data-created_by=\"avia_inline_auto\" id=\"style-css-av-ke9y0uq3-a514eadbc0efd6c66a394b4fcb0d04f0\">\n.flex_column.av-ke9y0uq3-a514eadbc0efd6c66a394b4fcb0d04f0{\nborder-radius:0px 0px 0px 0px;\npadding:0px 0px 0px 0px;\n}\n<\/style>\n<div class='flex_column av-ke9y0uq3-a514eadbc0efd6c66a394b4fcb0d04f0 av_one_third avia-builder-el-20 el_after_av_one_third el_before_av_hr flex_column_div av-zero-column-padding avia-link-column av-column-link avia-link-column-hover column-top-margin' data-link-column-url=\"https:\/\/www.ready-initiative.org\/es\/training-page\/community-health-programming\/cross-cutting-considerations\/\" ><a class=\"av-screen-reader-only\" href=\"https:\/\/www.ready-initiative.org\/es\/training-page\/community-health-programming\/cross-cutting-considerations\/\" >Link to: Cross-Cutting Considerations<\/a><section class='av_textblock_section av-ke9y1n80-2be1616b48e15dfd12bdb1798c76992c' itemscope=\"itemscope\" itemtype=\"https:\/\/schema.org\/CreativeWork\" ><div class='avia_textblock module-topic foundational-row1' itemprop=\"text\" ><h3 style=\"text-align: left;\">Sesi\u00f3n 5: Consideraciones transversales<\/h3>\n<\/div><\/section><br \/>\n\n<style type=\"text\/css\" data-created_by=\"avia_inline_auto\" id=\"style-css-av-ke9y2518-dda4d2fa59d4bf195f30db5838e922eb\">\n.avia-image-container.av-ke9y2518-dda4d2fa59d4bf195f30db5838e922eb img.avia_image{\nbox-shadow:none;\n}\n.avia-image-container.av-ke9y2518-dda4d2fa59d4bf195f30db5838e922eb .av-image-caption-overlay-center{\ncolor:#ffffff;\n}\n<\/style>\n<div class='avia-image-container av-ke9y2518-dda4d2fa59d4bf195f30db5838e922eb av-styling- avia-align-center avia-builder-el-22 el_after_av_textblock el_before_av_textblock' itemprop=\"image\" itemscope=\"itemscope\" itemtype=\"https:\/\/schema.org\/ImageObject\" ><div class=\"avia-image-container-inner\"><div class=\"avia-image-overlay-wrap\"><img fetchpriority=\"high\" decoding=\"async\" class='wp-image-3354 avia-img-lazy-loading-not-3354 avia_image' src=\"https:\/\/www.ready-initiative.org\/wp-content\/uploads\/2020\/09\/video-thumb-chp-integration-cross-cutting.png\" alt='' title='video-thumb-chp-integracion-transversal' height=\"170\" width=\"300\" itemprop=\"thumbnailUrl\" \/><\/div><\/div><\/div><br \/>\n<section class='av_textblock_section av-ke9y1n80-d3e1f0660b86064c9ed487f347d1eb58' itemscope=\"itemscope\" itemtype=\"https:\/\/schema.org\/CreativeWork\" ><div class='avia_textblock' itemprop=\"text\" ><p>Esta sesi\u00f3n fundacional ofrece una descripci\u00f3n general de varios sectores transversales, como el g\u00e9nero, la salud mental y otros; los impactos de la COVID-19 en estos sectores; y las acciones espec\u00edficas para integrar estos sectores en las actividades a nivel comunitario. Esta sesi\u00f3n tambi\u00e9n analiza los v\u00ednculos entre los tres m\u00f3dulos de esta serie de capacitaci\u00f3n y vuelve a enfatizar la centralidad de la comunidad en la respuesta m\u00e1s amplia a la COVID-19.<\/p>\n<\/div><\/section><\/p><\/div>\n<div class='hr av-34mue7-a50417f4aa9ed2800d719fcf00226eb1 hr-default avia-builder-el-24 el_after_av_one_third el_before_av_textblock'><span class='hr-inner'><span class=\"hr-inner-style\"><\/span><\/span><\/div>\n<section class='av_textblock_section av-keui9uii-1917a9dba3200d9a286598040388abed' itemscope=\"itemscope\" itemtype=\"https:\/\/schema.org\/CreativeWork\" ><div class='avia_textblock' itemprop=\"text\" ><h3>Entrevistas con expertos<\/h3>\n<p>Estos videos destacan la aplicaci\u00f3n program\u00e1tica en la vida real de los conceptos de IPC y WASH. Los expertos t\u00e9cnicos y el personal de ejecuci\u00f3n de programas brindan ejemplos concretos y basados en la experiencia de la implementaci\u00f3n de IPC y WASH.\u00a0<strong>(3 entrevistas)<\/strong><\/p>\n<\/div><\/section>\n\n<style type=\"text\/css\" data-created_by=\"avia_inline_auto\" id=\"style-css-av-ke9y0uq3-56b06835bc3b6ab0f804b2983b65fb71\">\n.flex_column.av-ke9y0uq3-56b06835bc3b6ab0f804b2983b65fb71{\nborder-radius:0px 0px 0px 0px;\npadding:0px 0px 0px 0px;\n}\n<\/style>\n<div class='flex_column av-ke9y0uq3-56b06835bc3b6ab0f804b2983b65fb71 av_one_third avia-builder-el-26 el_after_av_textblock el_before_av_one_third first flex_column_div av-zero-column-padding avia-link-column av-column-link avia-link-column-hover column-top-margin' data-link-column-url=\"https:\/\/www.ready-initiative.org\/es\/training-page\/community-health-programming\/community-health-programming-in-the-rohingya-refugee-camps\/\" ><a class=\"av-screen-reader-only\" href=\"https:\/\/www.ready-initiative.org\/es\/training-page\/community-health-programming\/community-health-programming-in-the-rohingya-refugee-camps\/\" >Link to: Community Health Programming in the Rohingya Refugee Camps<\/a><section class='av_textblock_section av-ke9y1n80-31db020bbe4feef1597ee6f4b995b72a' itemscope=\"itemscope\" itemtype=\"https:\/\/schema.org\/CreativeWork\" ><div class='avia_textblock module-topic expert-row1' itemprop=\"text\" ><h3 style=\"text-align: left;\"><span class=\"TextRun SCXW255133335 BCX0\" lang=\"EN-US\" xml:lang=\"EN-US\" data-contrast=\"auto\"><span class=\"NormalTextRun SCXW255133335 BCX0\">Entrevista 1: Programaci\u00f3n de salud comunitaria en los campos de refugiados rohingya<\/span><\/span><\/h3>\n<\/div><\/section><br \/>\n\n<style type=\"text\/css\" data-created_by=\"avia_inline_auto\" id=\"style-css-av-ke9y2518-10f97ef5232914347c5a7a503155dd85\">\n.avia-image-container.av-ke9y2518-10f97ef5232914347c5a7a503155dd85 img.avia_image{\nbox-shadow:none;\n}\n.avia-image-container.av-ke9y2518-10f97ef5232914347c5a7a503155dd85 .av-image-caption-overlay-center{\ncolor:#ffffff;\n}\n<\/style>\n<div class='avia-image-container av-ke9y2518-10f97ef5232914347c5a7a503155dd85 av-styling- avia-align-center avia-builder-el-28 el_after_av_textblock el_before_av_textblock' itemprop=\"image\" itemscope=\"itemscope\" itemtype=\"https:\/\/schema.org\/ImageObject\" ><div class=\"avia-image-container-inner\"><div class=\"avia-image-overlay-wrap\"><img fetchpriority=\"high\" decoding=\"async\" class='wp-image-3357 avia-img-lazy-loading-not-3357 avia_image' src=\"https:\/\/www.ready-initiative.org\/wp-content\/uploads\/2020\/09\/video-thumb-chp-rohingya.png\" alt='' title='video-thumb-chp-rohingya' height=\"169\" width=\"300\" itemprop=\"thumbnailUrl\" \/><\/div><\/div><\/div><br \/>\n<section class='av_textblock_section av-ke9y1n80-d3e1f0660b86064c9ed487f347d1eb58' itemscope=\"itemscope\" itemtype=\"https:\/\/schema.org\/CreativeWork\" ><div class='avia_textblock' itemprop=\"text\" ><p>En esta entrevista, escuchamos a Sarah Collis, directora del programa de salud de UK-Med en Cox&#039;s Bazar, Bangladesh. Sarah comparte su experiencia en los campamentos de rohingya, donde dirigi\u00f3 a UK-Med en la apertura de un centro de aislamiento y tratamiento y en la organizaci\u00f3n de la gesti\u00f3n de casos comunitarios. Sarah tambi\u00e9n describe la implementaci\u00f3n de este proyecto y menciona espec\u00edficamente algunos de los \u00e9xitos y desaf\u00edos a la hora de mantener la participaci\u00f3n de la comunidad.<\/p>\n<\/div><\/section><\/p><\/div>\n<style type=\"text\/css\" data-created_by=\"avia_inline_auto\" id=\"style-css-av-ke9y0uq3-34e3a4f39c2c0dd4f3cbb6d4f1b7e3fa\">\n.flex_column.av-ke9y0uq3-34e3a4f39c2c0dd4f3cbb6d4f1b7e3fa{\nborder-radius:0px 0px 0px 0px;\npadding:0px 0px 0px 0px;\n}\n<\/style>\n<div class='flex_column av-ke9y0uq3-34e3a4f39c2c0dd4f3cbb6d4f1b7e3fa av_one_third avia-builder-el-30 el_after_av_one_third el_before_av_one_third flex_column_div av-zero-column-padding avia-link-column av-column-link avia-link-column-hover column-top-margin' data-link-column-url=\"https:\/\/www.ready-initiative.org\/es\/training-page\/community-health-programming\/covid-19-adaptations-to-community-health-programming-for-migrant-populations\/\" ><a class=\"av-screen-reader-only\" href=\"https:\/\/www.ready-initiative.org\/es\/training-page\/community-health-programming\/covid-19-adaptations-to-community-health-programming-for-migrant-populations\/\" >Link to: COVID-19 Adaptations to Community Health Programming for Migrant Populations<\/a><section class='av_textblock_section av-ke9y1n80-31db020bbe4feef1597ee6f4b995b72a' itemscope=\"itemscope\" itemtype=\"https:\/\/schema.org\/CreativeWork\" ><div class='avia_textblock module-topic expert-row1' itemprop=\"text\" ><h3>Entrevista 2: Adaptaciones de COVID-19 a la programaci\u00f3n de salud comunitaria para poblaciones migrantes<\/h3>\n<\/div><\/section><br \/>\n\n<style type=\"text\/css\" data-created_by=\"avia_inline_auto\" id=\"style-css-av-ke9y2518-9ed61e354b9909602315b78125613771\">\n.avia-image-container.av-ke9y2518-9ed61e354b9909602315b78125613771 img.avia_image{\nbox-shadow:none;\n}\n.avia-image-container.av-ke9y2518-9ed61e354b9909602315b78125613771 .av-image-caption-overlay-center{\ncolor:#ffffff;\n}\n<\/style>\n<div class='avia-image-container av-ke9y2518-9ed61e354b9909602315b78125613771 av-styling- avia-align-center avia-builder-el-32 el_after_av_textblock el_before_av_textblock' itemprop=\"image\" itemscope=\"itemscope\" itemtype=\"https:\/\/schema.org\/ImageObject\" ><div class=\"avia-image-container-inner\"><div class=\"avia-image-overlay-wrap\"><img fetchpriority=\"high\" decoding=\"async\" class='wp-image-3352 avia-img-lazy-loading-not-3352 avia_image' src=\"https:\/\/www.ready-initiative.org\/wp-content\/uploads\/2020\/09\/video-thumb-chp-covid-adapt-migrant.png\" alt='' title='video-thumb-chp-covid-adaptarse-migrante' height=\"169\" width=\"300\" itemprop=\"thumbnailUrl\" \/><\/div><\/div><\/div><br \/>\n<section class='av_textblock_section av-ke9y1n80-d3e1f0660b86064c9ed487f347d1eb58' itemscope=\"itemscope\" itemtype=\"https:\/\/schema.org\/CreativeWork\" ><div class='avia_textblock' itemprop=\"text\" ><p>Kit Leung, de la Organizaci\u00f3n Internacional para las Migraciones, comparte su experiencia en la adaptaci\u00f3n de los programas existentes para migrantes a la pandemia de COVID-19. Kit destaca c\u00f3mo la adaptaci\u00f3n de programas de salud comunitarios espec\u00edficos fue clave para brindar una atenci\u00f3n continua a los beneficiarios y describe el esfuerzo de la OIM para integrar diferentes sectores para satisfacer las necesidades de las comunidades a las que sirven.<\/p>\n<\/div><\/section><\/p><\/div>\n<style type=\"text\/css\" data-created_by=\"avia_inline_auto\" id=\"style-css-av-ke9y0uq3-1dc94b1d3566bcb13de38cbb27cf8720\">\n.flex_column.av-ke9y0uq3-1dc94b1d3566bcb13de38cbb27cf8720{\nborder-radius:0px 0px 0px 0px;\npadding:0px 0px 0px 0px;\n}\n<\/style>\n<div class='flex_column av-ke9y0uq3-1dc94b1d3566bcb13de38cbb27cf8720 av_one_third avia-builder-el-34 el_after_av_one_third el_before_av_hr flex_column_div av-zero-column-padding avia-link-column av-column-link avia-link-column-hover column-top-margin' data-link-column-url=\"https:\/\/www.ready-initiative.org\/es\/training-page\/community-health-programming\/community-health-program-adaptations-from-ebola-to-covid-19\/\" ><a class=\"av-screen-reader-only\" href=\"https:\/\/www.ready-initiative.org\/es\/training-page\/community-health-programming\/community-health-program-adaptations-from-ebola-to-covid-19\/\" >Link to: Community Health Program Adaptations: From Ebola to COVID-19<\/a><section class='av_textblock_section av-ke9y1n80-31db020bbe4feef1597ee6f4b995b72a' itemscope=\"itemscope\" itemtype=\"https:\/\/schema.org\/CreativeWork\" ><div class='avia_textblock module-topic expert-row1' itemprop=\"text\" ><h3>Entrevista 3: Adaptaciones del programa de salud comunitaria: del \u00e9bola al COVID-19<\/h3>\n<\/div><\/section><br \/>\n\n<style type=\"text\/css\" data-created_by=\"avia_inline_auto\" id=\"style-css-av-ke9y2518-c492cbcabcbeb9ecaa460c501a3ba7bc\">\n.avia-image-container.av-ke9y2518-c492cbcabcbeb9ecaa460c501a3ba7bc img.avia_image{\nbox-shadow:none;\n}\n.avia-image-container.av-ke9y2518-c492cbcabcbeb9ecaa460c501a3ba7bc .av-image-caption-overlay-center{\ncolor:#ffffff;\n}\n<\/style>\n<div class='avia-image-container av-ke9y2518-c492cbcabcbeb9ecaa460c501a3ba7bc av-styling- avia-align-center avia-builder-el-36 el_after_av_textblock el_before_av_textblock' itemprop=\"image\" itemscope=\"itemscope\" itemtype=\"https:\/\/schema.org\/ImageObject\" ><div class=\"avia-image-container-inner\"><div class=\"avia-image-overlay-wrap\"><img fetchpriority=\"high\" decoding=\"async\" class='wp-image-3353 avia-img-lazy-loading-not-3353 avia_image' src=\"https:\/\/www.ready-initiative.org\/wp-content\/uploads\/2020\/09\/video-thumb-chp-ebola-to-covid.png\" alt='' title='video-thumb-chp-del-ebola-al-covid' height=\"166\" width=\"300\" itemprop=\"thumbnailUrl\" \/><\/div><\/div><\/div><br \/>\n<section class='av_textblock_section av-ke9y1n80-d3e1f0660b86064c9ed487f347d1eb58' itemscope=\"itemscope\" itemtype=\"https:\/\/schema.org\/CreativeWork\" ><div class='avia_textblock' itemprop=\"text\" ><p>La Dra. Linda Mobula, Especialista Superior en Salud del Banco Mundial, comparte su experiencia trabajando en Programas de Salud Comunitaria durante la epidemia de \u00e9bola en la Rep\u00fablica Democr\u00e1tica del Congo y c\u00f3mo las lecciones aprendidas pueden trasladarse a la actual pandemia de COVID-19. La Dra. Mobula concluye con tres conclusiones clave que las ONG deben tener en cuenta para sus programas de salud comunitaria.<\/p>\n<\/div><\/section><\/p><\/div><div class='hr av-b4ngv-bfa38ffe5b34423b118f45b7af896810 hr-default avia-builder-el-38 el_after_av_one_third el_before_av_textblock'><span class='hr-inner'><span class=\"hr-inner-style\"><\/span><\/span><\/div><\/p>\n<section class='av_textblock_section av-2e9can-765fa9d6dcf4620e0742fc52e485726a' itemscope=\"itemscope\" itemtype=\"https:\/\/schema.org\/CreativeWork\" ><div class='avia_textblock' itemprop=\"text\" ><h3>Herramientas y recursos de aprendizaje adicionales para el m\u00f3dulo 3: Programaci\u00f3n de salud comunitaria<\/h3>\n<ul>\n<li>LSHTM:\u00a0<a href=\"https:\/\/www.lshtm.ac.uk\/newsevents\/news\/2020\/covid-19-control-low-income-settings-and-displaced-populations-what-can\" target=\"_blank\" rel=\"noopener noreferrer\">Control de la COVID-19 en entornos de bajos ingresos y poblaciones desplazadas: \u00bfqu\u00e9 se puede hacer de manera realista?<\/a>\u00a0(marzo de 2020)<\/li>\n<li>OMS:\u00a0<a href=\"https:\/\/www.who.int\/publications\/i\/item\/home-care-for-patients-with-suspected-novel-coronavirus-(ncov)-infection-presenting-with-mild-symptoms-and-management-of-contacts\" target=\"_blank\" rel=\"noopener noreferrer\">Atenci\u00f3n domiciliaria para pacientes con sospecha de infecci\u00f3n por el nuevo coronavirus (\u200e\u200e\u200e\u200e\u200e\u200e\u200e\u200e\u200e\u200e\u200e\u200e\u200e\u200e\u200eCOVID-19)\u200e\u200e\u200e\u200e\u200e\u200e\u200e\u200e\u200e\u200e\u200e\u200e\u200e\u200e que se presenten con s\u00edntomas leves, y gesti\u00f3n de sus contactos: orientaci\u00f3n provisional<\/a>\u00a0(4 de febrero de 2020)<\/li>\n<li>OMS:\u00a0<a href=\"https:\/\/www.who.int\/publications\/i\/item\/clinical-management-of-covid-19\" target=\"_blank\" rel=\"noopener noreferrer\">Gesti\u00f3n cl\u00ednica de la gu\u00eda provisional de COVID-19<\/a>\u00a0(27 de mayo de 2020)<\/li>\n<li>IASC:\u00a0<a href=\"https:\/\/interagencystandingcommittee.org\/iasc-reference-group-mental-health-and-psychosocial-support-emergency-settings\/briefing-note-about\" target=\"_blank\" rel=\"noopener noreferrer\">Nota informativa sobre los aspectos SMAPS de la COVID-19<\/a>\u00a0(4 de marzo de 2020)<\/li>\n<li>OMS:\u00a0<a href=\"https:\/\/www.who.int\/docs\/default-source\/coronaviruse\/mental-health-considerations.pdf\" target=\"_blank\" rel=\"noopener noreferrer\">Salud mental y consideraciones psicosociales durante el brote de COVID-19<\/a>\u00a0(18 de marzo de 2020)<\/li>\n<\/ul>\n<\/div><\/section>\n\n<style type=\"text\/css\" data-created_by=\"avia_inline_auto\" id=\"style-css-av-20l0j3-6b273812da77979f871f2242a6cf7c7d\">\n.flex_column.av-20l0j3-6b273812da77979f871f2242a6cf7c7d{\nborder-radius:0px 0px 0px 0px;\npadding:0px 0px 0px 0px;\n}\n<\/style>\n<div class='flex_column av-20l0j3-6b273812da77979f871f2242a6cf7c7d av_one_full avia-builder-el-40 el_after_av_textblock el_before_av_hr first flex_column_div av-zero-column-padding column-top-margin' ><\/div>\n<div class='hr av-2w57b3-a17d616132ca4a3e51843e8432225c2c hr-default avia-builder-el-42 el_after_av_one_full el_before_av_textblock'><span class='hr-inner'><span class=\"hr-inner-style\"><\/span><\/span><\/div>\n<section class='av_textblock_section av-keopsans-b56cb3d0ea49e3ad16e1e4ee1a385898' itemscope=\"itemscope\" itemtype=\"https:\/\/schema.org\/CreativeWork\" ><div class='avia_textblock' itemprop=\"text\" ><\/div><\/section>","protected":false},"excerpt":{"rendered":"","protected":false},"author":6,"featured_media":0,"parent":2528,"menu_order":0,"comment_status":"closed","ping_status":"closed","template":"","meta":{"publish_to_discourse":"","publish_post_category":"","wpdc_auto_publish_overridden":"","wpdc_topic_tags":"","wpdc_pin_topic":"","wpdc_pin_until":"","discourse_post_id":"","discourse_permalink":"","wpdc_publishing_response":"","wpdc_publishing_error":"","footnotes":""},"disease_type":[],"language":[],"topic":[],"document_type":[],"highlighted_resource":[],"class_list":["post-2815","page","type-page","status-publish","hentry"],"_links":{"self":[{"href":"https:\/\/www.ready-initiative.org\/es\/wp-json\/wp\/v2\/pages\/2815"}],"collection":[{"href":"https:\/\/www.ready-initiative.org\/es\/wp-json\/wp\/v2\/pages"}],"about":[{"href":"https:\/\/www.ready-initiative.org\/es\/wp-json\/wp\/v2\/types\/page"}],"author":[{"embeddable":true,"href":"https:\/\/www.ready-initiative.org\/es\/wp-json\/wp\/v2\/users\/6"}],"replies":[{"embeddable":true,"href":"https:\/\/www.ready-initiative.org\/es\/wp-json\/wp\/v2\/comments?post=2815"}],"version-history":[{"count":0,"href":"https:\/\/www.ready-initiative.org\/es\/wp-json\/wp\/v2\/pages\/2815\/revisions"}],"up":[{"embeddable":true,"href":"https:\/\/www.ready-initiative.org\/es\/wp-json\/wp\/v2\/pages\/2528"}],"wp:attachment":[{"href":"https:\/\/www.ready-initiative.org\/es\/wp-json\/wp\/v2\/media?parent=2815"}],"wp:term":[{"taxonomy":"disease_type","embeddable":true,"href":"https:\/\/www.ready-initiative.org\/es\/wp-json\/wp\/v2\/disease_type?post=2815"},{"taxonomy":"language","embeddable":true,"href":"https:\/\/www.ready-initiative.org\/es\/wp-json\/wp\/v2\/language?post=2815"},{"taxonomy":"topic","embeddable":true,"href":"https:\/\/www.ready-initiative.org\/es\/wp-json\/wp\/v2\/topic?post=2815"},{"taxonomy":"document_type","embeddable":true,"href":"https:\/\/www.ready-initiative.org\/es\/wp-json\/wp\/v2\/document_type?post=2815"},{"taxonomy":"highlighted_resource","embeddable":true,"href":"https:\/\/www.ready-initiative.org\/es\/wp-json\/wp\/v2\/highlighted_resource?post=2815"}],"curies":[{"name":"wp","href":"https:\/\/api.w.org\/{rel}","templated":true}]}}