{"id":4643,"date":"2021-04-20T16:42:28","date_gmt":"2021-04-20T20:42:28","guid":{"rendered":"https:\/\/www.ready-initiative.org\/?page_id=4643"},"modified":"2023-07-18T14:50:31","modified_gmt":"2023-07-18T18:50:31","slug":"integrated-framework","status":"publish","type":"page","link":"https:\/\/www.ready-initiative.org\/es\/integration\/integrated-framework\/","title":{"rendered":"Marco de respuesta integrada para el aislamiento y la cuarentena como intervenciones no farmac\u00e9uticas contra el COVID-19"},"content":{"rendered":"<section class='av_textblock_section av-knqi77kx-94c218c4d6463e7fdc58db833b2125f2' itemscope=\"itemscope\" itemtype=\"https:\/\/schema.org\/CreativeWork\" ><div class='avia_textblock' itemprop=\"text\" ><h2 style=\"text-align: center;\">Marco de respuesta integrada para el aislamiento y la cuarentena como intervenciones no farmac\u00e9uticas contra la COVID-19<\/h2>\n<\/div><\/section>\n<\/div><\/div><\/div><\/div><\/div><div id='full_slider_1' class='avia-fullwidth-slider main_color avia-shadow avia-builder-el-1 el_after_av_textblock el_before_av_textblock slider-not-first container_wrap sidebar_right' >\n<style type=\"text\/css\" data-created_by=\"avia_inline_auto\" id=\"style-css-av-knqi9akr-79132b07588d11c3276268e6d8be01c9\">\n#top .avia-slideshow .av-slideshow-caption.av-knqi9akr-79132b07588d11c3276268e6d8be01c9__0 .avia-caption-content{\nfont-size:20px;\n}\n#top .avia-slideshow .av-slideshow-caption.av-knqi9akr-79132b07588d11c3276268e6d8be01c9__0 .avia-caption-content p{\nfont-size:20px;\n}\n<\/style>\n<div class='avia-slideshow av-knqi9akr-79132b07588d11c3276268e6d8be01c9 avia-slideshow-featured av_slideshow_full avia-slide-slider av-slideshow-ui av-control-default av-slideshow-manual av-loop-once av-loop-manual-endless av-default-height-applied avia-slideshow-1' data-slideshow-options=\"{&quot;animation&quot;:&quot;slide&quot;,&quot;autoplay&quot;:false,&quot;loop_autoplay&quot;:&quot;once&quot;,&quot;interval&quot;:5,&quot;loop_manual&quot;:&quot;manual-endless&quot;,&quot;autoplay_stopper&quot;:false,&quot;noNavigation&quot;:false,&quot;bg_slider&quot;:false,&quot;keep_padding&quot;:false,&quot;hoverpause&quot;:false,&quot;show_slide_delay&quot;:0}\" itemprop=\"image\" itemscope=\"itemscope\" itemtype=\"https:\/\/schema.org\/ImageObject\" ><ul class='avia-slideshow-inner' style='padding-bottom: 28.6666666667%;'><li class='avia-slideshow-slide av-knqi9akr-79132b07588d11c3276268e6d8be01c9__0 av-single-slide slide-1 slide-odd'><div data-rel='slideshow-1' class='avia-slide-wrap' ><div class='av-slideshow-caption av-knqi9akr-79132b07588d11c3276268e6d8be01c9__0 caption_fullwidth caption_right caption_right_framed caption_framed'><div class=\"container caption_container\"><div class=\"slideshow_caption\"><div class=\"slideshow_inner_caption\"><div class=\"slideshow_align_caption\"><h2 class='avia-caption-title' itemprop=\"name\" >Edici\u00f3n 2021<\/h2><div class='avia-caption-content' itemprop=\"description\" ><p>Este marco revisado incluye recursos t\u00e9cnicos actualizados alineados con las \u00faltimas orientaciones para la respuesta al COVID-19.<\/p>\n<\/div><a href='https:\/\/www.ready-initiative.org\/wp-content\/uploads\/2021\/05\/READY-Integrated-Response-Framework-COVID-19-web-optimized.pdf' target=\"_blank\" rel=\"noopener noreferrer\" class='avia-slideshow-button avia-button avia-color-theme-color-highlight avia-multi-slideshow-button' data-duration='800' data-easing='easeInOutQuad'>Descargar el marco<\/a><a href='\/es\/integrated-framework\/#videos' class='avia-slideshow-button avia-button avia-color-theme-color-highlight avia-multi-slideshow-button avia-slideshow-button-2' data-duration='800' data-easing='easeInOutQuad'>Mira los videos<\/a><\/div><\/div><\/div><\/div><\/div><img fetchpriority=\"high\" decoding=\"async\" class=\"wp-image-4616 avia-img-lazy-loading-not-4616\" src=\"https:\/\/www.ready-initiative.org\/wp-content\/uploads\/2021\/04\/IF-banner-high-res-1500x430.png\" width=\"1500\" height=\"430\" title='Banner IF-2021-SCHakma' alt='Solema* (22) and her son Sayeed (3) receive treatment at Save the Children&#039;s health facility in the Rohingya refugee camps. Image credit: Sonali Chakma \/ Save the Children' itemprop=\"thumbnailUrl\" \/><\/div><\/li><\/ul><\/div><\/div><div id='after_full_slider_1' class='main_color av_default_container_wrap container_wrap sidebar_right' ><div class='container av-section-cont-open' ><div class='template-page content av-content-small alpha units'><div class='post-entry post-entry-type-page post-entry-4643'><div class='entry-content-wrapper clearfix'>\n<section class='av_textblock_section av-knrxs43w-94fc5c933941073a4c10ccc271cc0d05' itemscope=\"itemscope\" itemtype=\"https:\/\/schema.org\/CreativeWork\" ><div class='avia_textblock' itemprop=\"text\" ><p>READY ha desarrollado un marco de respuesta integrado* para el aislamiento y la cuarentena como intervenciones no farmac\u00e9uticas (INF) contra la COVID-19. Al respaldar la adhesi\u00f3n a dos INF a trav\u00e9s de servicios humanitarios multisectoriales integrados, el marco promueve una perspectiva m\u00e1s amplia para la preparaci\u00f3n y respuesta ante brotes. Este marco nos permite lograr una mayor cohesi\u00f3n multisectorial, implementar modelos de servicio hol\u00edsticos, mejorar las comunicaciones y la coordinaci\u00f3n entre diversos actores, maximizar los recursos limitados, minimizar las posibles compensaciones y promover formas de trabajo m\u00e1s eficientes.<\/p>\n<p>Adem\u00e1s del marco en s\u00ed, esta p\u00e1gina alberga una <a href=\"#videos\">Serie de v\u00eddeos cortos, todos de menos de cinco minutos de duraci\u00f3n.<\/a>\u2014que ofrecen perspectivas desde una variedad de \u00e1reas t\u00e9cnicas y sugieren c\u00f3mo aplicar los principios de esas \u00e1reas t\u00e9cnicas en m\u00faltiples puntos de entrada a lo largo del ciclo del programa para garantizar una respuesta hol\u00edstica y multisectorial.<\/p>\n<p>\u00bfInteresado en un an\u00e1lisis m\u00e1s profundo? <a href=\"https:\/\/www.ready-initiative.org\/es\/exploring-the-integrated-response-framework-for-covid-19\/\">Mira el seminario web<\/a>.<\/p>\n<p>*<em> Este marco integrado modifica y reemplaza una versi\u00f3n anterior publicada en noviembre de 2020.<\/em><\/p>\n<\/div><\/section>\n\n<style type=\"text\/css\" data-created_by=\"avia_inline_auto\" id=\"style-css-av-4otk5v-96cc6d42a8ad66955da24ba917139629\">\n.flex_column.av-4otk5v-96cc6d42a8ad66955da24ba917139629{\nborder-radius:0px 0px 0px 0px;\npadding:0px 0px 0px 0px;\n}\n<\/style>\n<div class='flex_column av-4otk5v-96cc6d42a8ad66955da24ba917139629 av_one_third avia-builder-el-3 el_after_av_textblock el_before_av_one_third first flex_column_div av-zero-column-padding avia-link-column av-column-link avia-link-column-hover column-top-margin' data-link-column-url=\"https:\/\/www.ready-initiative.org\/wp-content\/uploads\/2021\/05\/READY-Integrated-Response-Framework-COVID-19-web-optimized.pdf\" data-link-column-target=\"_blank\" ><a class=\"av-screen-reader-only\" href=\"https:\/\/www.ready-initiative.org\/wp-content\/uploads\/2021\/05\/READY-Integrated-Response-Framework-COVID-19-web-optimized.pdf\" target=\"_blank\" title=\"Descargue el Marco de Respuesta Integrada READY\" alt=\"Download the READY Integrated Response Framework\" rel=\"noopener\">Siga un enlace agregado manualmente<\/a><section class='av_textblock_section av-3rfcub-ca850d3fb2a9cd20ed5d1c6547dfb2b3' itemscope=\"itemscope\" itemtype=\"https:\/\/schema.org\/CreativeWork\" ><div class='avia_textblock' itemprop=\"text\" ><h3 style=\"text-align: center;\">Descargar Framework<\/h3>\n<\/div><\/section><br \/>\n\n<style type=\"text\/css\" data-created_by=\"avia_inline_auto\" id=\"style-css-av-knqigs9c-83bd87873d7ed0ddf681cbd20ccc34b5\">\n.avia-image-container.av-knqigs9c-83bd87873d7ed0ddf681cbd20ccc34b5 img.avia_image{\nbox-shadow:none;\n}\n.avia-image-container.av-knqigs9c-83bd87873d7ed0ddf681cbd20ccc34b5 .av-image-caption-overlay-center{\ncolor:#ffffff;\n}\n<\/style>\n<div class='avia-image-container av-knqigs9c-83bd87873d7ed0ddf681cbd20ccc34b5 av-styling- avia-align-center avia-builder-el-5 el_after_av_textblock el_before_av_textblock' itemprop=\"image\" itemscope=\"itemscope\" itemtype=\"https:\/\/schema.org\/ImageObject\" ><div class=\"avia-image-container-inner\"><div class=\"avia-image-overlay-wrap\"><img fetchpriority=\"high\" decoding=\"async\" class='wp-image-4738 avia-img-lazy-loading-not-4738 avia_image' src=\"https:\/\/www.ready-initiative.org\/wp-content\/uploads\/2021\/04\/integrated-framework-2021-cover-thumb.png\" alt='Thumbnail image of 2021 READY Integrated Response Framework cover' title='Imagen en miniatura de la portada del Marco de Respuesta Integrada READY 2021' height=\"387\" width=\"300\" itemprop=\"thumbnailUrl\" srcset=\"https:\/\/www.ready-initiative.org\/wp-content\/uploads\/2021\/04\/integrated-framework-2021-cover-thumb.png 300w, https:\/\/www.ready-initiative.org\/wp-content\/uploads\/2021\/04\/integrated-framework-2021-cover-thumb-233x300.png 233w\" sizes=\"(max-width: 300px) 100vw, 300px\" \/><\/div><\/div><\/div><br \/>\n<section class='av_textblock_section av-knrip73u-bcc60599ae274c875e0fc5ea4fa43d0d' itemscope=\"itemscope\" itemtype=\"https:\/\/schema.org\/CreativeWork\" ><div class='avia_textblock' itemprop=\"text\" ><p style=\"text-align: center;\">59 p\u00e1ginas | 1,6 MB .pdf<\/p>\n<\/div><\/section><\/p><\/div>\n\n<style type=\"text\/css\" data-created_by=\"avia_inline_auto\" id=\"style-css-av-56v7ib-becdcad6da967b135751d744feabba47\">\n.flex_column.av-56v7ib-becdcad6da967b135751d744feabba47{\nborder-radius:0px 0px 0px 0px;\npadding:0px 0px 0px 0px;\n}\n<\/style>\n<div class='flex_column av-56v7ib-becdcad6da967b135751d744feabba47 av_one_third avia-builder-el-7 el_after_av_one_third el_before_av_one_third flex_column_div av-zero-column-padding avia-link-column av-column-link column-top-margin' data-link-column-url=\"https:\/\/www.ready-initiative.org\/wp-content\/uploads\/2021\/04\/infraiq-2021.jpg\" ><a class=\"av-screen-reader-only\" href=\"https:\/\/www.ready-initiative.org\/wp-content\/uploads\/2021\/04\/infraiq-2021.jpg\" >Siga un enlace agregado manualmente<\/a><section class='av_textblock_section av-5dz4gz-45965e491f64e4cf4e351fc303a03d72' itemscope=\"itemscope\" itemtype=\"https:\/\/schema.org\/CreativeWork\" ><div class='avia_textblock' itemprop=\"text\" ><h3 style=\"text-align: center;\">Ver gr\u00e1fico<\/h3>\n<\/div><\/section><br \/>\n\n<style type=\"text\/css\" data-created_by=\"avia_inline_auto\" id=\"style-css-av-knqigiwr-cb61c312bd13671995e1a3d8f9e63481\">\n.avia-image-container.av-knqigiwr-cb61c312bd13671995e1a3d8f9e63481 img.avia_image{\nbox-shadow:none;\n}\n.avia-image-container.av-knqigiwr-cb61c312bd13671995e1a3d8f9e63481 .av-image-caption-overlay-center{\ncolor:#ffffff;\n}\n<\/style>\n<div class='avia-image-container av-knqigiwr-cb61c312bd13671995e1a3d8f9e63481 av-styling- avia-align-center avia-builder-el-9 el_after_av_textblock avia-builder-el-last' itemprop=\"image\" itemscope=\"itemscope\" itemtype=\"https:\/\/schema.org\/ImageObject\" ><div class=\"avia-image-container-inner\"><div class=\"avia-image-overlay-wrap\"><a href=\"https:\/\/www.ready-initiative.org\/wp-content\/uploads\/2021\/04\/infraiq-2021.jpg\" class='avia_image' aria-label='Gr\u00e1fico del marco integrado, 2021'><img fetchpriority=\"high\" decoding=\"async\" class='wp-image-4599 avia-img-lazy-loading-not-4599 avia_image' src=\"https:\/\/www.ready-initiative.org\/wp-content\/uploads\/2021\/04\/infraiq-2021-1030x951.jpg\" alt='Framework graphic: Concentric circles showing relationships between outbreak response stages and program adaptations: Integrated sectoral program adaptations at the center, surrounded by non-pharmaceutical interventions, key integration entry points, and cross-cutting considerations.' title='Gr\u00e1fico del marco integrado, 2021' height=\"951\" width=\"1030\" itemprop=\"thumbnailUrl\" srcset=\"https:\/\/www.ready-initiative.org\/wp-content\/uploads\/2021\/04\/infraiq-2021-1030x951.jpg 1030w, https:\/\/www.ready-initiative.org\/wp-content\/uploads\/2021\/04\/infraiq-2021-300x277.jpg 300w, https:\/\/www.ready-initiative.org\/wp-content\/uploads\/2021\/04\/infraiq-2021-768x709.jpg 768w, https:\/\/www.ready-initiative.org\/wp-content\/uploads\/2021\/04\/infraiq-2021-705x651.jpg 705w, https:\/\/www.ready-initiative.org\/wp-content\/uploads\/2021\/04\/infraiq-2021.jpg 1200w\" sizes=\"(max-width: 1030px) 100vw, 1030px\" \/><\/a><\/div><\/div><\/div><\/p><\/div>\n\n<style type=\"text\/css\" data-created_by=\"avia_inline_auto\" id=\"style-css-av-27nolv-99f81b864c203927fb91d82943e6f4e5\">\n.flex_column.av-27nolv-99f81b864c203927fb91d82943e6f4e5{\nborder-radius:0px 0px 0px 0px;\npadding:0px 0px 0px 0px;\n}\n<\/style>\n<div class='flex_column av-27nolv-99f81b864c203927fb91d82943e6f4e5 av_one_third avia-builder-el-10 el_after_av_one_third el_before_av_hr flex_column_div av-zero-column-padding avia-link-column av-column-link avia-link-column-hover column-top-margin' data-link-column-url=\"https:\/\/www.ready-initiative.org\/wp-content\/uploads\/2021\/04\/Integrated-Framework-Fact-Sheet-2021.pdf\" ><a class=\"av-screen-reader-only\" href=\"https:\/\/www.ready-initiative.org\/wp-content\/uploads\/2021\/04\/Integrated-Framework-Fact-Sheet-2021.pdf\" >Siga un enlace agregado manualmente<\/a><section class='av_textblock_section av-1x1b6b-0d66d9a787ef0a6c98db2fe48435b614' itemscope=\"itemscope\" itemtype=\"https:\/\/schema.org\/CreativeWork\" ><div class='avia_textblock' itemprop=\"text\" ><h3 style=\"text-align: center;\">Leer la hoja informativa<\/h3>\n<\/div><\/section><br \/>\n\n<style type=\"text\/css\" data-created_by=\"avia_inline_auto\" id=\"style-css-av-knqigzw3-4dd1396d23a4d3f5a33de1590e741459\">\n.avia-image-container.av-knqigzw3-4dd1396d23a4d3f5a33de1590e741459 img.avia_image{\nbox-shadow:none;\n}\n.avia-image-container.av-knqigzw3-4dd1396d23a4d3f5a33de1590e741459 .av-image-caption-overlay-center{\ncolor:#ffffff;\n}\n<\/style>\n<div class='avia-image-container av-knqigzw3-4dd1396d23a4d3f5a33de1590e741459 av-styling- avia-align-center avia-builder-el-12 el_after_av_textblock el_before_av_textblock' itemprop=\"image\" itemscope=\"itemscope\" itemtype=\"https:\/\/schema.org\/ImageObject\" ><div class=\"avia-image-container-inner\"><div class=\"avia-image-overlay-wrap\"><img fetchpriority=\"high\" decoding=\"async\" class='wp-image-4602 avia-img-lazy-loading-not-4602 avia_image' src=\"https:\/\/www.ready-initiative.org\/wp-content\/uploads\/2021\/04\/infraiq-fact-sheet-thumb.jpg\" alt='Integrated Framework Fact Sheet thumbnail image' title='Ficha t\u00e9cnica de Infraiq en miniatura' height=\"389\" width=\"300\" itemprop=\"thumbnailUrl\" srcset=\"https:\/\/www.ready-initiative.org\/wp-content\/uploads\/2021\/04\/infraiq-fact-sheet-thumb.jpg 300w, https:\/\/www.ready-initiative.org\/wp-content\/uploads\/2021\/04\/infraiq-fact-sheet-thumb-231x300.jpg 231w\" sizes=\"(max-width: 300px) 100vw, 300px\" \/><\/div><\/div><\/div><br \/>\n<section class='av_textblock_section av-knrip73u-bcc60599ae274c875e0fc5ea4fa43d0d' itemscope=\"itemscope\" itemtype=\"https:\/\/schema.org\/CreativeWork\" ><div class='avia_textblock' itemprop=\"text\" ><p style=\"text-align: center;\">2 p\u00e1ginas | 689 KB .pdf\u00a0<a name=\"videos\"><\/a><\/p>\n<\/div><\/section><\/p><\/div>\n<div class='hr av-27h1er-9a70be660c8c96d0c073287411604dac hr-default avia-builder-el-14 el_after_av_one_third el_before_av_textblock'><span class='hr-inner'><span class=\"hr-inner-style\"><\/span><\/span><\/div>\n<section class='av_textblock_section av-knqi681d-fd81278c23f9a698cd8f8c5d58b4fd4f' itemscope=\"itemscope\" itemtype=\"https:\/\/schema.org\/CreativeWork\" ><div class='avia_textblock' itemprop=\"text\" ><h3>V\u00eddeos: Introducci\u00f3n e integraci\u00f3n sectorial (en 5 minutos o menos)<\/h3>\n<\/div><\/section>\n\n<style type=\"text\/css\" data-created_by=\"avia_inline_auto\" id=\"style-css-av-c7nuyr-6765d2c94b2ece84017ed4e02df32078\">\n.flex_column.av-c7nuyr-6765d2c94b2ece84017ed4e02df32078{\nborder-radius:0px 0px 0px 0px;\npadding:0px 0px 0px 0px;\n}\n<\/style>\n<div class='flex_column av-c7nuyr-6765d2c94b2ece84017ed4e02df32078 av_one_third avia-builder-el-16 el_after_av_textblock el_before_av_one_third first flex_column_div av-zero-column-padding column-top-margin' ><section class='av_textblock_section av-knqhs9yh-59b08a086db5fee2d21435f19b6a8d2b' itemscope=\"itemscope\" itemtype=\"https:\/\/schema.org\/CreativeWork\" ><div class='avia_textblock' itemprop=\"text\" ><h4><strong>Introducci\u00f3n<\/strong><\/h4>\n<div class='avia-iframe-wrap'><iframe title=\"Marco de respuesta integrada de READY para el aislamiento y la cuarentena como medidas de prevenci\u00f3n y control de la COVID-19\" width=\"1500\" height=\"844\" src=\"https:\/\/www.youtube.com\/embed\/vx9Elkp3sJU?feature=oembed\" frameborder=\"0\" allow=\"accelerometer; autoplay; clipboard-write; encrypted-media; gyroscope; picture-in-picture; web-share\" allowfullscreen><\/iframe><\/div>\n<p>Este video ofrece una descripci\u00f3n general de la iniciativa READY y el dise\u00f1o y el prop\u00f3sito del Marco de Respuesta Integrada para el Aislamiento y la Cuarentena como Intervenciones No Farmac\u00e9uticas contra COVID-19.<\/p>\n<\/div><\/section><\/div>\n\n<style type=\"text\/css\" data-created_by=\"avia_inline_auto\" id=\"style-css-av-aic7nn-63b3b75161769dec85e8db81bd4b7f50\">\n.flex_column.av-aic7nn-63b3b75161769dec85e8db81bd4b7f50{\nborder-radius:0px 0px 0px 0px;\npadding:0px 0px 0px 0px;\n}\n<\/style>\n<div class='flex_column av-aic7nn-63b3b75161769dec85e8db81bd4b7f50 av_one_third avia-builder-el-18 el_after_av_one_third el_before_av_one_third flex_column_div av-zero-column-padding column-top-margin' ><section class='av_textblock_section av-knqhsh3g-3f67b3e6e0bfb0f9dc1f943973785fee' itemscope=\"itemscope\" itemtype=\"https:\/\/schema.org\/CreativeWork\" ><div class='avia_textblock' itemprop=\"text\" ><h4><strong>CERC<\/strong><\/h4>\n<div class='avia-iframe-wrap'><iframe title=\"Integraci\u00f3n de la comunicaci\u00f3n de riesgos y la participaci\u00f3n comunitaria para una respuesta multisectorial al COVID-19\" width=\"1500\" height=\"844\" src=\"https:\/\/www.youtube.com\/embed\/1NWyMaVwnog?feature=oembed\" frameborder=\"0\" allow=\"accelerometer; autoplay; clipboard-write; encrypted-media; gyroscope; picture-in-picture; web-share\" allowfullscreen><\/iframe><\/div>\n<p>\u00bfC\u00f3mo podemos integrarnos? <strong>Comunicaci\u00f3n de riesgos y participaci\u00f3n comunitaria (RCCE)<\/strong> \u00bfC\u00f3mo se pueden integrar los principios de la RCCE en el trabajo de otros sectores durante la respuesta a un brote? En este video, Kathryn Bertram, asesora principal de SBC del Centro de Programas de Comunicaci\u00f3n de Johns Hopkins, brinda ejemplos de c\u00f3mo se pueden aplicar mejor los principios de la RCCE en m\u00faltiples puntos de entrada a lo largo del ciclo del programa para garantizar una respuesta hol\u00edstica y multisectorial.<\/p>\n<\/div><\/section><\/div>\n\n<style type=\"text\/css\" data-created_by=\"avia_inline_auto\" id=\"style-css-av-91y2f7-e21eb77b72aa979554a85d7f379badaa\">\n.flex_column.av-91y2f7-e21eb77b72aa979554a85d7f379badaa{\nborder-radius:0px 0px 0px 0px;\npadding:0px 0px 0px 0px;\n}\n<\/style>\n<div class='flex_column av-91y2f7-e21eb77b72aa979554a85d7f379badaa av_one_third avia-builder-el-20 el_after_av_one_third el_before_av_one_fourth flex_column_div av-zero-column-padding column-top-margin' ><section class='av_textblock_section av-knqhspcm-0f6a3155d00c23f2336e0402c3f7e9a4' itemscope=\"itemscope\" itemtype=\"https:\/\/schema.org\/CreativeWork\" ><div class='avia_textblock' itemprop=\"text\" ><h4><strong>Salud<\/strong><\/h4>\n<div class='avia-iframe-wrap'><iframe title=\"Integraci\u00f3n de la salud para una respuesta multisectorial al COVID-19\" width=\"1500\" height=\"844\" src=\"https:\/\/www.youtube.com\/embed\/OnzpSWoSf3c?feature=oembed\" frameborder=\"0\" allow=\"accelerometer; autoplay; clipboard-write; encrypted-media; gyroscope; picture-in-picture; web-share\" allowfullscreen><\/iframe><\/div>\n<p>Emma Diggle y Alice Oyuko de Save the Children analizan el marco integrado desde una perspectiva de salud y las opciones de integraci\u00f3n para <strong>Programaci\u00f3n de salud<\/strong> en otros sectores t\u00e9cnicos. Alice destaca un ejemplo espec\u00edfico de integraci\u00f3n de la programaci\u00f3n de salud y g\u00e9nero a nivel comunitario.<\/p>\n<\/div><\/section><\/div>\n\n<style type=\"text\/css\" data-created_by=\"avia_inline_auto\" id=\"style-css-av-7xois3-4a65f5d7b59314dc9da440f33809d729\">\n.flex_column.av-7xois3-4a65f5d7b59314dc9da440f33809d729{\nborder-radius:0px 0px 0px 0px;\npadding:0px 0px 0px 0px;\n}\n<\/style>\n<div class='flex_column av-7xois3-4a65f5d7b59314dc9da440f33809d729 av_one_fourth avia-builder-el-22 el_after_av_one_third el_before_av_one_fourth first flex_column_div av-zero-column-padding column-top-margin' ><section class='av_textblock_section av-knqhsx9e-15d78c3b9d5dcb6821e59c7343674891' itemscope=\"itemscope\" itemtype=\"https:\/\/schema.org\/CreativeWork\" ><div class='avia_textblock' itemprop=\"text\" ><h4><strong>LAVAR<\/strong><\/h4>\n<div class='avia-iframe-wrap'><iframe title=\"Integraci\u00f3n de agua, saneamiento e higiene (WASH) para una respuesta multisectorial a la COVID-19\" width=\"1500\" height=\"844\" src=\"https:\/\/www.youtube.com\/embed\/jkGI2zzsbbQ?feature=oembed\" frameborder=\"0\" allow=\"accelerometer; autoplay; clipboard-write; encrypted-media; gyroscope; picture-in-picture; web-share\" allowfullscreen><\/iframe><\/div>\n<p>Claudio Deola y Marielle Snel \u2013 <strong>Agua, saneamiento e higiene (WASH)<\/strong> Asesores de Save the Children: debaten sobre su apoyo t\u00e9cnico en materia de agua, saneamiento e higiene (WASH) al marco de respuesta integrada. Marielle destaca la importancia de la colaboraci\u00f3n entre sectores y con temas transversales, y Claudio describe un ejemplo de integraci\u00f3n entre colegas de WASH y de salud reproductiva.<\/p>\n<\/div><\/section><\/div>\n\n<style type=\"text\/css\" data-created_by=\"avia_inline_auto\" id=\"style-css-av-6fj5b7-73bed008cadebd3acbc95733a727763a\">\n.flex_column.av-6fj5b7-73bed008cadebd3acbc95733a727763a{\nborder-radius:0px 0px 0px 0px;\npadding:0px 0px 0px 0px;\n}\n<\/style>\n<div class='flex_column av-6fj5b7-73bed008cadebd3acbc95733a727763a av_one_fourth avia-builder-el-24 el_after_av_one_fourth el_before_av_one_fourth flex_column_div av-zero-column-padding column-top-margin' ><section class='av_textblock_section av-knqht61o-be40109a4f463fa64b74c308b227824f' itemscope=\"itemscope\" itemtype=\"https:\/\/schema.org\/CreativeWork\" ><div class='avia_textblock' itemprop=\"text\" ><h4><strong>FSL<\/strong><\/h4>\n<div class='avia-iframe-wrap'><iframe title=\"Integraci\u00f3n de la seguridad alimentaria y los medios de vida para una respuesta multisectorial a la COVID-19\" width=\"1500\" height=\"844\" src=\"https:\/\/www.youtube.com\/embed\/DS6CpNictTA?feature=oembed\" frameborder=\"0\" allow=\"accelerometer; autoplay; clipboard-write; encrypted-media; gyroscope; picture-in-picture; web-share\" allowfullscreen><\/iframe><\/div>\n<p>Suzanne Ammari, asesora de seguridad alimentaria de Save the Children, explica c\u00f3mo los diferentes componentes del marco pueden respaldar una <strong>Seguridad alimentaria y medios de vida (FSL)<\/strong> Asesora t\u00e9cnica en una respuesta. Suzanne destaca la importancia de contar con personal integrado y capacidad de respuesta, colaborando con los colegas y actividades de Nutrici\u00f3n y RCCE, as\u00ed como con G\u00e9nero y Protecci\u00f3n.<\/p>\n<\/div><\/section><\/div>\n\n<style type=\"text\/css\" data-created_by=\"avia_inline_auto\" id=\"style-css-av-4w31qr-6f382b1c2f0028638f820c04a35cad06\">\n.flex_column.av-4w31qr-6f382b1c2f0028638f820c04a35cad06{\nborder-radius:0px 0px 0px 0px;\npadding:0px 0px 0px 0px;\n}\n<\/style>\n<div class='flex_column av-4w31qr-6f382b1c2f0028638f820c04a35cad06 av_one_fourth avia-builder-el-26 el_after_av_one_fourth el_before_av_one_fourth flex_column_div av-zero-column-padding column-top-margin' ><section class='av_textblock_section av-knqhtcs8-7d9a47f4e80a190c234b7393640e7089' itemscope=\"itemscope\" itemtype=\"https:\/\/schema.org\/CreativeWork\" ><div class='avia_textblock' itemprop=\"text\" ><h4><strong>Protecci\u00f3n infantil<\/strong><\/h4>\n<div class='avia-iframe-wrap'><iframe title=\"Integraci\u00f3n de la protecci\u00f3n para una respuesta multisectorial a la COVID-19\" width=\"1500\" height=\"844\" src=\"https:\/\/www.youtube.com\/embed\/fNc8h15cKos?feature=oembed\" frameborder=\"0\" allow=\"accelerometer; autoplay; clipboard-write; encrypted-media; gyroscope; picture-in-picture; web-share\" allowfullscreen><\/iframe><\/div>\n<p>Lauren Murray, Especialista S\u00e9nior en Asuntos Humanitarios <strong>Protecci\u00f3n infantil<\/strong>, explica c\u00f3mo todos los sectores pueden contribuir a la protecci\u00f3n infantil en centros de aislamiento comunitarios o instalaciones de cuarentena. En concreto, Lauren ofrece ejemplos de c\u00f3mo se pueden tener en cuenta los principios de protecci\u00f3n infantil en las fases de dise\u00f1o y planificaci\u00f3n de las actividades de WASH, seguridad alimentaria y salud.<\/p>\n<\/div><\/section><\/div>\n\n<style type=\"text\/css\" data-created_by=\"avia_inline_auto\" id=\"style-css-av-76sur-d93bd47ae790406fea4f4dba864cd8a9\">\n.flex_column.av-76sur-d93bd47ae790406fea4f4dba864cd8a9{\nborder-radius:0px 0px 0px 0px;\npadding:0px 0px 0px 0px;\n}\n<\/style>\n<div class='flex_column av-76sur-d93bd47ae790406fea4f4dba864cd8a9 av_one_fourth avia-builder-el-28 el_after_av_one_fourth avia-builder-el-last flex_column_div av-zero-column-padding column-top-margin' ><section class='av_textblock_section av-knqhtjdy-a44726db45ca766e0b799b292390999d' itemscope=\"itemscope\" itemtype=\"https:\/\/schema.org\/CreativeWork\" ><div class='avia_textblock' itemprop=\"text\" ><h4><strong>Nutrici\u00f3n<\/strong><\/h4>\n<div class='avia-iframe-wrap'><iframe title=\"Integraci\u00f3n de la nutrici\u00f3n para una respuesta multisectorial a la COVID-19\" width=\"1500\" height=\"844\" src=\"https:\/\/www.youtube.com\/embed\/4yF5Dhe6aLk?feature=oembed\" frameborder=\"0\" allow=\"accelerometer; autoplay; clipboard-write; encrypted-media; gyroscope; picture-in-picture; web-share\" allowfullscreen><\/iframe><\/div>\n<p>Sarah O&#039;Flynn, Emergencia <strong>Nutrici\u00f3n<\/strong> Sarah, directora de Save the Children, explica c\u00f3mo podr\u00eda utilizar el marco integrado durante la etapa de planificaci\u00f3n de una respuesta, incluida la colaboraci\u00f3n en evaluaciones conjuntas, el dise\u00f1o de intervenciones y la capacitaci\u00f3n interdisciplinaria del personal. Sarah tambi\u00e9n destaca la importancia de trabajar con todos los sectores t\u00e9cnicos en una respuesta a un brote para tener en cuenta las necesidades combinadas de las madres y los beb\u00e9s.<\/p>\n<\/div><\/section><\/div>","protected":false},"excerpt":{"rendered":"","protected":false},"author":2,"featured_media":4688,"parent":4955,"menu_order":0,"comment_status":"closed","ping_status":"closed","template":"","meta":{"publish_to_discourse":"","publish_post_category":"","wpdc_auto_publish_overridden":"","wpdc_topic_tags":"","wpdc_pin_topic":"","wpdc_pin_until":"","discourse_post_id":"","discourse_permalink":"","wpdc_publishing_response":"","wpdc_publishing_error":"","footnotes":""},"disease_type":[98],"language":[102],"topic":[110,112,118,119,122,125],"document_type":[145,149],"highlighted_resource":[],"class_list":["post-4643","page","type-page","status-publish","has-post-thumbnail","hentry","disease_type-covid-19","language-english","topic-child-protection","topic-food-security-and-livelihoods","topic-multi-sectoral","topic-nutrition","topic-risk-communication-and-community-engagement","topic-water-sanitation-and-hygiene","document_type-guidance","document_type-tool"],"_links":{"self":[{"href":"https:\/\/www.ready-initiative.org\/es\/wp-json\/wp\/v2\/pages\/4643"}],"collection":[{"href":"https:\/\/www.ready-initiative.org\/es\/wp-json\/wp\/v2\/pages"}],"about":[{"href":"https:\/\/www.ready-initiative.org\/es\/wp-json\/wp\/v2\/types\/page"}],"author":[{"embeddable":true,"href":"https:\/\/www.ready-initiative.org\/es\/wp-json\/wp\/v2\/users\/2"}],"replies":[{"embeddable":true,"href":"https:\/\/www.ready-initiative.org\/es\/wp-json\/wp\/v2\/comments?post=4643"}],"version-history":[{"count":0,"href":"https:\/\/www.ready-initiative.org\/es\/wp-json\/wp\/v2\/pages\/4643\/revisions"}],"up":[{"embeddable":true,"href":"https:\/\/www.ready-initiative.org\/es\/wp-json\/wp\/v2\/pages\/4955"}],"wp:featuredmedia":[{"embeddable":true,"href":"https:\/\/www.ready-initiative.org\/es\/wp-json\/wp\/v2\/media\/4688"}],"wp:attachment":[{"href":"https:\/\/www.ready-initiative.org\/es\/wp-json\/wp\/v2\/media?parent=4643"}],"wp:term":[{"taxonomy":"disease_type","embeddable":true,"href":"https:\/\/www.ready-initiative.org\/es\/wp-json\/wp\/v2\/disease_type?post=4643"},{"taxonomy":"language","embeddable":true,"href":"https:\/\/www.ready-initiative.org\/es\/wp-json\/wp\/v2\/language?post=4643"},{"taxonomy":"topic","embeddable":true,"href":"https:\/\/www.ready-initiative.org\/es\/wp-json\/wp\/v2\/topic?post=4643"},{"taxonomy":"document_type","embeddable":true,"href":"https:\/\/www.ready-initiative.org\/es\/wp-json\/wp\/v2\/document_type?post=4643"},{"taxonomy":"highlighted_resource","embeddable":true,"href":"https:\/\/www.ready-initiative.org\/es\/wp-json\/wp\/v2\/highlighted_resource?post=4643"}],"curies":[{"name":"wp","href":"https:\/\/api.w.org\/{rel}","templated":true}]}}