{"id":84,"date":"2020-01-22T23:49:03","date_gmt":"2020-01-22T23:49:03","guid":{"rendered":"http:\/\/jhuccp.wpengine.com\/?page_id=84"},"modified":"2020-02-18T14:39:10","modified_gmt":"2020-02-18T19:39:10","slug":"ready-updates","status":"publish","type":"page","link":"https:\/\/www.ready-initiative.org\/fr\/ready-updates\/","title":{"rendered":"Mises \u00e0 jour de READY"},"content":{"rendered":"<section class='av_textblock_section av-zmpc-67fbaecdc7d2e306db21eaffbc404030' itemscope=\"itemscope\" itemtype=\"https:\/\/schema.org\/CreativeWork\" ><div class='avia_textblock' itemprop=\"text\" ><p>READY publie ici des mises \u00e0 jour\u00a0: nouvelles, annonces et autres mises \u00e0 jour sur l\u2019initiative.<\/p>\n<\/div><\/section>\n<div class='av-alb-blogposts template-blog av-blog-meta-author-disabled av-blog-meta-category-disabled' itemscope=\"itemscope\" itemtype=\"https:\/\/schema.org\/Blog\" ><article class='post-entry post-entry-type-standard post-entry-23204 post-loop-1 post-parity-odd single-big with-slider post-23204 post type-post status-publish format-standard has-post-thumbnail hentry category-ready-updates tag-webinar-stand-alone' itemscope=\"itemscope\" itemtype=\"https:\/\/schema.org\/BlogPosting\" ><div class=\"big-preview single-big\"><a href=\"https:\/\/www.ready-initiative.org\/fr\/global-launch-webinar-fit-for-purpose-global-coordination-mechanisms-of-large-scale-epidemic-responses-in-humanitarian-settings\/\" title=\"Fadumo, 30 ans, lutte contre la malnutrition aigu\u00eb s\u00e9v\u00e8re (MAS). La MAS signifie malnutrition aigu\u00eb s\u00e9v\u00e8re. C&#039;est une maladie mortelle. Actuellement, en Somalie, o\u00f9 elle vit, la MAS menace la vie de 386\u00a0000 enfants. \u00c0 l&#039;h\u00f4pital o\u00f9 elle travaille, elle dispose d&#039;un kit complet pour lutter contre la MAS\u00a0: de la p\u00e2te d&#039;arachide sp\u00e9ciale, administr\u00e9e aux enfants pour les aider \u00e0 obtenir les nutriments dont ils ont besoin. Des balances permettent de surveiller la prise de poids des enfants. Des antibiotiques pr\u00e9viennent les infections. \u00ab\u00a0De jour comme de nuit, il faut les surveiller et s&#039;asseoir \u00e0 leurs c\u00f4t\u00e9s. Ils gu\u00e9rissent g\u00e9n\u00e9ralement en trois jours si la prise en charge est bonne, certains enfants en un mois\u00a0\u00bb, explique Fadumo. \u00ab\u00a0Je suis fi\u00e8re de mon travail.\u00a0\u00bb Sans des soignants exp\u00e9riment\u00e9s comme Fadumo, les enfants ne b\u00e9n\u00e9ficieraient pas du soutien n\u00e9cessaire \u00e0 leur r\u00e9tablissement. Nous veillons \u00e0 ce que les soignants disposent de tout le n\u00e9cessaire pour stopper la propagation de la MAS.\" ><img fetchpriority=\"high\" decoding=\"async\" width=\"845\" height=\"321\" src=\"https:\/\/www.ready-initiative.org\/wp-content\/uploads\/2024\/01\/CH1696196_Fadumo-middle-30-lead-nurse-with-other-health-workers-at-a-hospital-in-Puntland-Somalia-where-children-with-S.A.M-are-treated-845x321.jpg\" class=\"wp-image-23192 avia-img-lazy-loading-not-23192 attachment-entry_with_sidebar size-entry_with_sidebar wp-post-image\" alt=\"\" \/><\/a><\/div><div class='blog-meta'><\/div><div class='entry-content-wrapper clearfix standard-content'><header class=\"entry-content-header\"><h2 class='post-title entry-title' itemprop=\"headline\" ><a href=\"https:\/\/www.ready-initiative.org\/fr\/global-launch-webinar-fit-for-purpose-global-coordination-mechanisms-of-large-scale-epidemic-responses-in-humanitarian-settings\/\" rel=\"bookmark\" title=\"Lien permanent : Webinaire de lancement mondial\u00a0: M\u00e9canismes mondiaux de coordination des r\u00e9ponses aux \u00e9pid\u00e9mies \u00e0 grande \u00e9chelle en situation humanitaire, adapt\u00e9s \u00e0 leurs objectifs\">Webinaire de lancement mondial : M\u00e9canismes mondiaux de coordination des r\u00e9ponses aux \u00e9pid\u00e9mies \u00e0 grande \u00e9chelle dans les situations humanitaires : adapt\u00e9s \u00e0 l&#039;objectif vis\u00e9<span class=\"post-format-icon minor-meta\"><\/span><\/a><\/h2><\/span><\/header><div class=\"entry-content\" itemprop=\"text\" ><p>23 JANVIER 2024 | 09h00-10h00 EST \/ 13h00-14h00 UTC \/ 15h00-16h00 EAT || <strong>Intervenants<\/strong>: Paul Spiegel, Abdi Raman Mahamud, Natalie Roberts, Sorcha O&#039;Callaghan, Sonia Walia (<a href=\"#speaker-bios\" rel=\"noopener\">voir les biographies des intervenants ci-dessous<\/a>)<\/p>\n<p>Ce webinaire a lanc\u00e9 le nouveau rapport de READY : <em>M\u00e9canismes mondiaux de coordination des r\u00e9ponses aux \u00e9pid\u00e9mies \u00e0 grande \u00e9chelle dans les contextes humanitaires : adapt\u00e9s \u00e0 l&#039;objectif vis\u00e9 ?<\/em>.<\/p>\n<p>Le document, \u00e9labor\u00e9 en collaboration avec le Centre Johns Hopkins pour la sant\u00e9 humanitaire, examine les structures et les processus mondiaux sur les m\u00e9canismes de coordination des \u00e9pid\u00e9mies et fournit des recommandations claires pour am\u00e9liorer la coordination de la r\u00e9ponse aux \u00e9pid\u00e9mies \u00e0 grande \u00e9chelle dans les situations d\u2019urgence humanitaire. <a href=\"https:\/\/www.ready-initiative.org\/wp-content\/uploads\/2024\/01\/Ready_Coordination_2_Pager_opt.pdf\" target=\"_blank\" rel=\"noopener\">Voir\/t\u00e9l\u00e9charger ce r\u00e9sum\u00e9 de deux pages<\/a> qui d\u00e9crit le contexte, la m\u00e9thodologie et les principales recommandations, et\/ou <a href=\"https:\/\/www.ready-initiative.org\/wp-content\/uploads\/2024\/01\/Ready-Global-Coordination-Paper-opt.pdf\">voir\/t\u00e9l\u00e9charger le rapport complet<\/a> (1 Mo .pdf).<br \/>\n\u2014<br \/>\nRegardez l&#039;enregistrement :<br \/>\n<br class=\"avia-permanent-lb\" \/><iframe style=\"display: block; margin: 0 auto;\" src=\"https:\/\/www.youtube.com\/embed\/AnuoOIzjImk\" width=\"560\" height=\"315\" frameborder=\"0\" allowfullscreen=\"allowfullscreen\"><\/iframe><br \/>\n&#8211;<\/p>\n<p>Mod\u00e9r\u00e9 par Paul Spiegel, directeur du Centre pour la sant\u00e9 humanitaire de l&#039;Universit\u00e9 Johns Hopkins, le webinaire comprenait une table ronde d&#039;experts en sant\u00e9 publique et en humanitaire.<\/p>\n<p><a href=\"https:\/\/ready-initiative.us19.list-manage.com\/subscribe?u=be9098966abbb9bbcf9743945&amp;id=97885a9976\" target=\"_blank\" rel=\"noopener\">Abonnez-vous \u00e0 la liste de diffusion de READY<\/a> pour recevoir de futures annonces sur les opportunit\u00e9s de formation, les webinaires et d&#039;autres mises \u00e0 jour.<\/p>\n<p><strong>Mod\u00e9rateur et pan\u00e9listes experts en vedette<\/strong><strong>: <\/strong><br \/>\n(<a href=\"#speaker-bios\">Voir les biographies compl\u00e8tes des intervenants ci-dessous<\/a>)<\/p>\n<ul>\n<li><strong>Mod\u00e9rateur<\/strong>:Paul Spiegel, directeur du Centre de sant\u00e9 humanitaire de l&#039;Universit\u00e9 Johns Hopkins<\/li>\n<li><strong>Intervenants<\/strong>\n<ul>\n<li>Abdi Raman Mahamud, Directeur de l\u2019alerte et de la r\u00e9ponse, Organisation mondiale de la sant\u00e9<\/li>\n<li>Natalie Roberts, directrice ex\u00e9cutive, M\u00e9decins Sans Fronti\u00e8res Royaume-Uni<\/li>\n<li>Sorcha O&#039;Callaghan, directrice du groupe de politique humanitaire, Overseas Development Institute (ODI)<\/li>\n<li>Sonia Walia, conseill\u00e8re principale en sant\u00e9, Bureau de l&#039;aide humanitaire de l&#039;USAID<\/li>\n<\/ul>\n<\/li>\n<\/ul>\n<p><em>Cet \u00e9v\u00e9nement \u00e9tait organis\u00e9 par l&#039;initiative READY, dirig\u00e9e par Save the Children et financ\u00e9e par le Bureau d&#039;assistance humanitaire de l&#039;USAID.<\/em><\/p>\n<p><a href=\"https:\/\/ready-initiative.us19.list-manage.com\/subscribe?u=be9098966abbb9bbcf9743945&amp;id=97885a9976\" target=\"_blank\" rel=\"noopener\">Abonnez-vous \u00e0 la liste de diffusion de READY<\/a> pour recevoir de futures annonces sur les opportunit\u00e9s de formation, les webinaires et d&#039;autres mises \u00e0 jour.<\/p>\n<p><a name=\"speaker-bios\"><\/a><\/p>\n<h3>Biographies des experts mod\u00e9rateurs et pan\u00e9listes<\/h3>\n<p><strong>Paul Spiegel, directeur du Centre de sant\u00e9 humanitaire de l&#039;Universit\u00e9 Johns Hopkins<\/strong><\/p>\n<p>Le Dr Spiegel, m\u00e9decin et \u00e9pid\u00e9miologiste canadien de formation, est l\u2019un des rares humanitaires au monde \u00e0 r\u00e9pondre aux urgences humanitaires et \u00e0 mener des recherches \u00e0 ce sujet. Il est reconnu \u00e0 l\u2019\u00e9chelle internationale pour ses recherches sur la pr\u00e9vention et la r\u00e9ponse aux urgences humanitaires, et plus r\u00e9cemment sur les questions plus vastes de migration. Ayant d\u00e9but\u00e9 en 1992 en tant que coordinateur m\u00e9dical r\u00e9pondant \u00e0 la crise des r\u00e9fugi\u00e9s des \u00ab enfants perdus du Soudan \u00bb au Kenya, le Dr Spiegel a r\u00e9pondu et g\u00e9r\u00e9 de nombreuses crises humanitaires en Afrique, en Asie, en Europe et au Moyen-Orient pendant plus de 30 ans. Plus r\u00e9cemment, il a g\u00e9r\u00e9 la r\u00e9ponse d\u2019urgence de l\u2019OMS en Afghanistan (novembre\/d\u00e9cembre 2021) et en Europe pour les r\u00e9fugi\u00e9s ukrainiens (mars\/avril 2022).<\/p>\n<p>Le Dr Spiegel est directeur du Centre de sant\u00e9 humanitaire de l\u2019Universit\u00e9 Johns Hopkins et professeur de pratique au d\u00e9partement de sant\u00e9 internationale de la Johns Hopkins Bloomberg School of Public Health (JHSPH). Avant de rejoindre la JHSPH, le Dr Spiegel \u00e9tait directeur adjoint du soutien et de la gestion des programmes et chef de la sant\u00e9 publique au Haut-Commissariat des Nations Unies pour les r\u00e9fugi\u00e9s. Il a auparavant travaill\u00e9 comme \u00e9pid\u00e9miologiste m\u00e9dical au sein de la branche des urgences internationales et de la sant\u00e9 des r\u00e9fugi\u00e9s des Centers for Disease Control and Prevention aux \u00c9tats-Unis, comme coordinateur m\u00e9dical aupr\u00e8s de M\u00e9decins Sans Fronti\u00e8res et de M\u00e9decins du Monde dans les situations d\u2019urgence li\u00e9es aux r\u00e9fugi\u00e9s et comme consultant pour de nombreuses organisations internationales, dont la Croix-Rouge canadienne et l\u2019OMS. Le Dr Spiegel a \u00e9t\u00e9 le premier pr\u00e9sident du Comit\u00e9 de financement de la recherche pour la sant\u00e9 dans les crises humanitaires (2013-2018). Il a publi\u00e9 plus de 150 articles \u00e9valu\u00e9s par des pairs sur la sant\u00e9 humanitaire et la migration. Il a \u00e9t\u00e9 commissaire de la Commission Lancet pour la migration et la sant\u00e9 et de la Commission Lancet sur la Syrie. Il est actuellement copr\u00e9sident de la Commission Lancet sur la migration.<\/p>\n<p><strong>Abdirahman Raman Mahamud, Directeur de l\u2019alerte et de la r\u00e9ponse, Organisation mondiale de la sant\u00e9<\/strong><\/p>\n<p>Le Dr Abdirahman Mahamud est un leader mondial de la sant\u00e9 publique et un \u00e9pid\u00e9miologiste m\u00e9dical avec plus de 20 ans d&#039;exp\u00e9rience dans le domaine de la m\u00e9decine clinique, des interventions sanitaires humanitaires, de la coordination de la pr\u00e9vention, de la pr\u00e9paration et des r\u00e9ponses aux maladies \u00e9vitables par la vaccination, aux \u00e9pid\u00e9mies, aux pand\u00e9mies et autres urgences de sant\u00e9 publique aux niveaux national, r\u00e9gional et international. Le Dr Mahamud est l&#039;actuel directeur par int\u00e9rim du d\u00e9partement de coordination des alertes et des interventions du programme des urgences sanitaires de l&#039;OMS depuis janvier 2022, dirigeant les fonctions de l&#039;OMS en mati\u00e8re de d\u00e9tection pr\u00e9coce, d&#039;\u00e9valuation des risques, de gestion des \u00e9v\u00e9nements et de coordination des interventions en cas d&#039;\u00e9v\u00e9nements aigus de sant\u00e9 publique, y compris les 65 urgences class\u00e9es en 2023 dans le cadre du syst\u00e8me de classement \u00e0 trois niveaux.<\/p>\n<p>Le Dr Mahamud \u00e9tait le responsable mondial des incidents li\u00e9s \u00e0 la COVID-19, coordonnant les plans de r\u00e9ponse technique, op\u00e9rationnel et strat\u00e9gique de l&#039;OMS \u00e0 la COVID-19 en 2021-2023. Le Dr Mahamud a \u00e9t\u00e9 imm\u00e9diatement d\u00e9ploy\u00e9 \u00e0 Manille, aux Philippines, apr\u00e8s la confirmation des premiers cas de nouveaux coronavirus en janvier 2020, o\u00f9 il a \u00e9t\u00e9 le responsable des incidents li\u00e9s \u00e0 la COVID-19 pour la r\u00e9gion du Pacifique occidental de l&#039;OMS pendant la premi\u00e8re phase de la r\u00e9ponse \u00e0 la pand\u00e9mie. Auparavant, le Dr Mahamud a travaill\u00e9 comme chef de l&#039;\u00e9quipe nationale de l&#039;OMS au Pakistan pour le programme d&#039;\u00e9radication de la poliomy\u00e9lite et a \u00e9t\u00e9 un membre cl\u00e9 du Centre national des op\u00e9rations d&#039;urgence du Pakistan pendant cinq ans. Le Dr Mahamud a travaill\u00e9 comme responsable de la surveillance des maladies \u00e0 Dadaab, dans le nord-est du Kenya, alors le plus grand camp de r\u00e9fugi\u00e9s du monde, de 2008 \u00e0 2010, o\u00f9 il a particip\u00e9 et soutenu la pr\u00e9paration, la d\u00e9tection et la r\u00e9ponse aux \u00e9pid\u00e9mies de maladies transmissibles.<\/p>\n<p><strong>Natalie Roberts, directrice ex\u00e9cutive, M\u00e9decins Sans Fronti\u00e8res (MSF) Royaume-Uni<\/strong><\/p>\n<p>Natalie Roberts est la directrice ex\u00e9cutive de M\u00e9decins Sans Fronti\u00e8res (MSF) au Royaume-Uni. M\u00e9decin, elle a travaill\u00e9 pour MSF dans divers contextes humanitaires m\u00e9dicaux en Afrique, en Asie et au Moyen-Orient, notamment dans des contextes de violence et de conflit, d&#039;\u00e9pid\u00e9mies de maladies infectieuses, de d\u00e9placements de population, de catastrophes naturelles et de crises nutritionnelles. Entre 2016 et 2019, Natalie \u00e9tait responsable des op\u00e9rations d&#039;urgence de MSF \u00e0 Paris, p\u00e9riode pendant laquelle MSF a particip\u00e9 \u00e0 la r\u00e9ponse \u00e0 la deuxi\u00e8me plus grande \u00e9pid\u00e9mie d&#039;Ebola au monde dans l&#039;est de la RDC. Entre 2020 et 2022, elle a \u00e9t\u00e9 directrice des \u00e9tudes chez Crash, un groupe de r\u00e9flexion de MSF, o\u00f9 sa r\u00e9flexion a port\u00e9 sur le positionnement et les pratiques de MSF en mati\u00e8re de r\u00e9ponse aux \u00e9pid\u00e9mies, en particulier \u00e0 Ebola. Natalie est titulaire d&#039;un dipl\u00f4me de m\u00e9decine de l&#039;universit\u00e9 de Cambridge et de l&#039;Imperial College de Londres. Elle est \u00e9galement titulaire d&#039;une ma\u00eetrise en histoire et philosophie des sciences de Cambridge et d&#039;une ma\u00eetrise en violence, conflit et d\u00e9veloppement de SOAS Londres.<\/p>\n<p><strong>Sorcha O&#039;Callaghan, directrice du groupe de politique humanitaire, Overseas Development Institute (ODI)<\/strong><\/p>\n<p>Sorcha O&#039;Callaghan est directrice du Humanitarian Policy Group de l&#039;ODI, l&#039;un des principaux groupes de r\u00e9flexion sur les affaires humanitaires au monde. Elle dirige la strat\u00e9gie, la repr\u00e9sentation et la collecte de fonds du HPG pour la recherche sur les droits dans les situations de crise, la r\u00e9forme du syst\u00e8me humanitaire et la r\u00e9silience dans les environnements affect\u00e9s par le climat et les conflits. Sp\u00e9cialiste des d\u00e9placements, de la protection des civils et de l&#039;action humanitaire, elle a beaucoup travaill\u00e9 en Afrique de l&#039;Est et ses travaux politiques, universitaires et m\u00e9diatiques ont \u00e9t\u00e9 largement publi\u00e9s. Avant de rejoindre HPG, elle \u00e9tait responsable de la politique humanitaire \u00e0 la Croix-Rouge britannique et coordonnait auparavant la Sudan Advocacy Coalition, un consortium d&#039;ONG sur la politique et le plaidoyer au Soudan. Avec une formation en droit, Sorcha a \u00e9galement travaill\u00e9 dans le secteur des r\u00e9fugi\u00e9s et de l&#039;asile en Irlande.<\/p>\n<p><strong>Sonia Walia, conseill\u00e8re principale en mati\u00e8re de sant\u00e9 au Bureau de l&#039;aide humanitaire de l&#039;USAID<\/strong><\/p>\n<p>Sonia Walia est conseill\u00e8re principale en sant\u00e9 au Bureau d&#039;assistance humanitaire de l&#039;USAID (BHA), qui dirige les efforts internationaux d&#039;assistance en cas de catastrophe du gouvernement am\u00e9ricain. Avec pour mandat de sauver des vies, d&#039;att\u00e9nuer les souffrances humaines et de r\u00e9duire l&#039;impact des catastrophes, le BHA surveille, att\u00e9nue et r\u00e9pond aux dangers mondiaux et aux besoins humanitaires. En tant que conseill\u00e8re principale en sant\u00e9, Mme Walia soutient les r\u00e9ponses du Bureau par le biais d&#039;une assistance technique humanitaire en mati\u00e8re de sant\u00e9, en fournissant un leadership et des conseils techniques au sein du gouvernement am\u00e9ricain et \u00e0 l&#039;\u00e9chelle mondiale. Elle a r\u00e9pondu \u00e0 des urgences complexes et \u00e0 des catastrophes naturelles pendant plus de 15 ans, notamment au Soudan du Sud, au Pakistan, en Afghanistan, en Birmanie et en Indon\u00e9sie. Mme Walia a \u00e9galement si\u00e9g\u00e9 au groupe de travail COVID-19 de l&#039;USAID en tant que conseill\u00e8re dans le cadre du pilier Programme et planification strat\u00e9gique. Au cours de la r\u00e9ponse \u00e0 Ebola en Afrique de l&#039;Ouest, elle a \u00e9t\u00e9 chef d&#039;\u00e9quipe en Sierra Leone pour l&#039;\u00e9quipe d&#039;intervention en cas de catastrophe et a \u00e9t\u00e9 d\u00e9ploy\u00e9e \u00e0 plusieurs reprises pour soutenir la r\u00e9ponse de l&#039;USAID \u00e0 Ebola dans le nord-est de la RDC. Elle continue d&#039;\u00eatre tr\u00e8s active au sein du Global Health Cluster et si\u00e8ge \u00e0 son groupe consultatif strat\u00e9gique. Elle travaille au sein de l&#039;interinstitutions du gouvernement am\u00e9ricain pour sensibiliser et d\u00e9fendre l&#039;aide humanitaire en mati\u00e8re de sant\u00e9. Mme Walia est titulaire d&#039;un dipl\u00f4me en th\u00e9rapie respiratoire du Medical College of Georgia et d&#039;une ma\u00eetrise en sant\u00e9 publique de la Johns Hopkins Bloomberg School of Public Health.<\/p>\n<p><a href=\"https:\/\/ready-initiative.us19.list-manage.com\/subscribe?u=be9098966abbb9bbcf9743945&amp;id=97885a9976\" target=\"_blank\" rel=\"noopener\">Abonnez-vous \u00e0 la liste de diffusion de READY<\/a> pour recevoir de futures annonces sur les opportunit\u00e9s de formation, les webinaires et d&#039;autres mises \u00e0 jour.<\/p>\n<p><em>Cet \u00e9v\u00e9nement est organis\u00e9 par l&#039;initiative READY, dirig\u00e9e par Save the Children et financ\u00e9e par le Bureau d&#039;assistance humanitaire de l&#039;USAID.<\/em><\/p>\n<\/div><footer class=\"entry-footer\"><\/footer><div class='post_delimiter'><\/div><\/div><div class='post_author_timeline'><\/div><span class='hidden'>\n\t\t\t\t<span class='av-structured-data' itemprop=\"image\" itemscope=\"itemscope\" itemtype=\"https:\/\/schema.org\/ImageObject\" >\n\t\t\t\t\t\t<span itemprop='url'>https:\/\/www.ready-initiative.org\/wp-content\/uploads\/2024\/01\/CH1696196_Fadumo-middle-30-lead-nurse-with-other-health-workers-at-a-hospital-in-Puntland-Somalia-where-children-with-S.A.M-are-treated.jpg<\/span>\n\t\t\t\t\t\t<span itemprop='height'>800<\/span>\n\t\t\t\t\t\t<span itemprop='width'>1200<\/span>\n\t\t\t\t<\/span>\n\t\t\t\t<span class='av-structured-data' itemprop=\"publisher\" itemtype=\"https:\/\/schema.org\/Organization\" itemscope=\"itemscope\" >\n\t\t\t\t\t\t<span itemprop='name'>PR\u00caT<\/span>\n\t\t\t\t\t\t<span itemprop='logo' itemscope itemtype='https:\/\/schema.org\/ImageObject'>\n\t\t\t\t\t\t\t<span itemprop='url'>https:\/\/www.ready-initiative.org\/wp-content\/uploads\/2022\/05\/READY2-logo-1030x383.png<\/span>\n\t\t\t\t\t\t<\/span>\n\t\t\t\t<\/span><span class='av-structured-data' itemprop=\"author\" itemscope=\"itemscope\" itemtype=\"https:\/\/schema.org\/Person\" ><span itemprop='name'>PR\u00caT<\/span><\/span><span class='av-structured-data' itemprop=\"datePublished\" datetime=\"2024-01-11T18:06:22-05:00\" >2024-01-11 18:06:22<\/span><span class='av-structured-data' itemprop=\"dateModified\" itemtype=\"https:\/\/schema.org\/dateModified\" >2024-01-23 18:39:33<\/span><span class='av-structured-data' itemprop=\"mainEntityOfPage\" itemtype=\"https:\/\/schema.org\/mainEntityOfPage\" ><span itemprop='name'>Webinaire de lancement mondial : M\u00e9canismes mondiaux de coordination des r\u00e9ponses aux \u00e9pid\u00e9mies \u00e0 grande \u00e9chelle dans les situations humanitaires : adapt\u00e9s \u00e0 l&#039;objectif vis\u00e9<\/span><\/span><\/span><\/article><article class='post-entry post-entry-type-standard post-entry-22779 post-loop-2 post-parity-even single-big with-slider post-22779 post type-post status-publish format-standard has-post-thumbnail hentry category-ready-updates tag-webinar-stand-alone' itemscope=\"itemscope\" itemtype=\"https:\/\/schema.org\/BlogPosting\" ><div class=\"big-preview single-big\"><a href=\"https:\/\/www.ready-initiative.org\/fr\/global-launch-webinar-of-new-simulation-outbreak-ready2-thisland-in-crisis\/\" title=\"Webinaire-Epid\u00e9mie-Pr\u00eat-2-En-t\u00eate-Crop\" ><img fetchpriority=\"high\" decoding=\"async\" width=\"845\" height=\"321\" src=\"https:\/\/www.ready-initiative.org\/wp-content\/uploads\/2023\/11\/outbreak-ready-2-webinar-header-crop-845x321.png\" class=\"wp-image-22778 avia-img-lazy-loading-not-22778 attachment-entry_with_sidebar size-entry_with_sidebar wp-post-image\" alt=\"\" srcset=\"https:\/\/www.ready-initiative.org\/wp-content\/uploads\/2023\/11\/outbreak-ready-2-webinar-header-crop-845x321.png 845w, https:\/\/www.ready-initiative.org\/wp-content\/uploads\/2023\/11\/outbreak-ready-2-webinar-header-crop-18x6.png 18w\" sizes=\"(max-width: 845px) 100vw, 845px\" \/><\/a><\/div><div class='blog-meta'><\/div><div class='entry-content-wrapper clearfix standard-content'><header class=\"entry-content-header\"><h2 class='post-title entry-title' itemprop=\"headline\" ><a href=\"https:\/\/www.ready-initiative.org\/fr\/global-launch-webinar-of-new-simulation-outbreak-ready2-thisland-in-crisis\/\" rel=\"bookmark\" title=\"Lien permanent : Webinaire de lancement mondial de la nouvelle simulation \u2014 Outbreak READY2 ! : Thisland in Crisis\">Webinaire de lancement mondial de la nouvelle simulation \u2014 Outbreak READY2 ! : Thisland in Crisis<span class=\"post-format-icon minor-meta\"><\/span><\/a><\/h2><\/span><\/header><div class=\"entry-content\" itemprop=\"text\" ><p>READY a organis\u00e9 le webinaire de lancement mondial de <em><strong><a href=\"https:\/\/www.outbreakready-thislandincrisis.com\/\" target=\"_blank\" rel=\"noopener\">Outbreak READY 2\u00a0!\u00a0: Thisland en crise<\/a><\/strong><\/em> le jeudi 14 d\u00e9cembre.<\/p>\n<p>\u2014<br \/>\nRegardez l&#039;enregistrement :<br \/>\n<br class=\"avia-permanent-lb\" \/><iframe style=\"display: block; margin: 0 auto;\" src=\"https:\/\/www.youtube.com\/embed\/EhAsDOZgK7E\" width=\"560\" height=\"315\" frameborder=\"0\" allowfullscreen=\"allowfullscreen\"><\/iframe><br \/>\n&#8211;<br \/>\n<a href=\"https:\/\/ready-initiative.us19.list-manage.com\/subscribe?u=be9098966abbb9bbcf9743945&amp;id=97885a9976\" target=\"_blank\" rel=\"noopener\">Abonnez-vous \u00e0 la liste de diffusion de READY<\/a> pour recevoir des annonces futures sur les opportunit\u00e9s de formation, les webinaires et d&#039;autres mises \u00e0 jour<\/p>\n<p><strong><em>Outbreak READY 2\u00a0!\u00a0: Thisland en crise<\/em><\/strong> est une simulation num\u00e9rique en ligne con\u00e7ue pour renforcer la capacit\u00e9 des professionnels de la sant\u00e9 humanitaires \u00e0 r\u00e9pondre aux \u00e9pid\u00e9mies de maladies infectieuses dans les contextes humanitaires. Les joueurs incarnent un responsable de programme de sant\u00e9 qui dirige une r\u00e9ponse sanitaire d&#039;une ONG lors d&#039;une \u00e9pid\u00e9mie de maladie infectieuse en \u00e9volution. Tout au long de la simulation, les joueurs doivent identifier, \u00e9valuer et interpr\u00e9ter les sources de donn\u00e9es pour planifier et mettre en \u0153uvre une r\u00e9ponse int\u00e9gr\u00e9e \u00e0 une \u00e9pid\u00e9mie qui donne la priorit\u00e9 \u00e0 la communication des risques et \u00e0 l&#039;engagement communautaire, aux principes de protection, ainsi qu&#039;\u00e0 la s\u00e9curit\u00e9 et au bien-\u00eatre du personnel. Gr\u00e2ce \u00e0 une interpr\u00e9tation num\u00e9rique unique d&#039;une simulation d&#039;\u00e9pid\u00e9mie, Outbreak READY 2!: Thisland in Crisis donne vie \u00e0 la nature complexe d&#039;une r\u00e9ponse humanitaire \u00e0 une \u00e9pid\u00e9mie.<\/p>\n<p><a href=\"https:\/\/www.ready-initiative.org\/fr\/outbreak-ready-digital-simulations\/outbreak-ready-2-thisland-in-crisis\/\" target=\"_blank\" rel=\"noopener\"><em><strong>Outbreak READY 2\u00a0!\u00a0: Thisland en crise<\/strong><\/em><\/a> et son accompagnement <a href=\"https:\/\/www.ready-initiative.org\/fr\/outbreak-ready-digital-simulations\/outbreak-ready-2-thisland-in-crisis\/#pre-reading-or2\" target=\"_blank\" rel=\"noopener\">outils de jeu en solo et d&#039;animation de groupe<\/a> sont d\u00e9sormais accessibles <a href=\"https:\/\/www.ready-initiative.org\/fr\/outbreak-ready-digital-simulations\/outbreak-ready-2-thisland-in-crisis\/\" target=\"_blank\" rel=\"noopener\">via le site READY<\/a>. Cet \u00e9v\u00e9nement de lancement comprenait une d\u00e9monstration en direct de <em>Pr\u00eat pour l&#039;\u00e9pid\u00e9mie 2\u00a0!<\/em> et des informations sur la simulation et ses outils de facilitation correspondants, notamment sur la mani\u00e8re dont les individus et les organisations peuvent utiliser cette opportunit\u00e9 de formation unique.<\/p>\n<p>Nous tenons \u00e0 remercier <a href=\"https:\/\/www.ready-initiative.org\/fr\/outbreak-ready-digital-simulations\/outbreak-ready-2-thisland-in-crisis\/#acknowledgements\" target=\"_blank\" rel=\"noopener\">les nombreuses personnes qui ont contribu\u00e9<\/a> au d\u00e9veloppement de <strong><em>Outbreak READY 2\u00a0!\u00a0: Thisland en crise<\/em><\/strong>Nous vous invitons \u00e0 jouer la simulation et \u00e0 la partager au sein de vos r\u00e9seaux.<\/p>\n<p><em>Cet \u00e9v\u00e9nement a \u00e9t\u00e9 organis\u00e9 par l&#039;initiative READY, dirig\u00e9e par Save the Children et financ\u00e9e par le Bureau d&#039;assistance humanitaire de l&#039;USAID.<\/em><\/p>\n<p><a href=\"https:\/\/ready-initiative.us19.list-manage.com\/subscribe?u=be9098966abbb9bbcf9743945&amp;id=97885a9976\" target=\"_blank\" rel=\"noopener\">Abonnez-vous \u00e0 la liste de diffusion de READY<\/a> pour recevoir des annonces futures sur les opportunit\u00e9s de formation, les webinaires et d&#039;autres mises \u00e0 jour<\/p>\n<\/div><footer class=\"entry-footer\"><\/footer><div class='post_delimiter'><\/div><\/div><div class='post_author_timeline'><\/div><span class='hidden'>\n\t\t\t\t<span class='av-structured-data' itemprop=\"image\" itemscope=\"itemscope\" itemtype=\"https:\/\/schema.org\/ImageObject\" >\n\t\t\t\t\t\t<span itemprop='url'>https:\/\/www.ready-initiative.org\/wp-content\/uploads\/2023\/11\/outbreak-ready-2-webinar-header-crop.png<\/span>\n\t\t\t\t\t\t<span itemprop='height'>420<\/span>\n\t\t\t\t\t\t<span itemprop='width'>1200<\/span>\n\t\t\t\t<\/span>\n\t\t\t\t<span class='av-structured-data' itemprop=\"publisher\" itemtype=\"https:\/\/schema.org\/Organization\" itemscope=\"itemscope\" >\n\t\t\t\t\t\t<span itemprop='name'>PR\u00caT<\/span>\n\t\t\t\t\t\t<span itemprop='logo' itemscope itemtype='https:\/\/schema.org\/ImageObject'>\n\t\t\t\t\t\t\t<span itemprop='url'>https:\/\/www.ready-initiative.org\/wp-content\/uploads\/2022\/05\/READY2-logo-1030x383.png<\/span>\n\t\t\t\t\t\t<\/span>\n\t\t\t\t<\/span><span class='av-structured-data' itemprop=\"author\" itemscope=\"itemscope\" itemtype=\"https:\/\/schema.org\/Person\" ><span itemprop='name'>PR\u00caT<\/span><\/span><span class='av-structured-data' itemprop=\"datePublished\" datetime=\"2023-11-29T16:22:50-05:00\" >2023-11-29 16:22:50<\/span><span class='av-structured-data' itemprop=\"dateModified\" itemtype=\"https:\/\/schema.org\/dateModified\" >2023-12-14 17:34:13<\/span><span class='av-structured-data' itemprop=\"mainEntityOfPage\" itemtype=\"https:\/\/schema.org\/mainEntityOfPage\" ><span itemprop='name'>Webinaire de lancement mondial de la nouvelle simulation \u2014 Outbreak READY2 ! : Thisland in Crisis<\/span><\/span><\/span><\/article><article class='post-entry post-entry-type-standard post-entry-22738 post-loop-3 post-parity-odd post-entry-last single-big with-slider post-22738 post type-post status-publish format-standard has-post-thumbnail hentry category-ready-updates tag-webinar-stand-alone' itemscope=\"itemscope\" itemtype=\"https:\/\/schema.org\/BlogPosting\" ><div class=\"big-preview single-big\"><a href=\"https:\/\/www.ready-initiative.org\/fr\/launch-event-locally-led-action-in-outbreak-response\/\" title=\"Cr\u00e9dit photo : Owen Bakama \/ Save the Children\" ><img fetchpriority=\"high\" decoding=\"async\" width=\"845\" height=\"321\" src=\"https:\/\/www.ready-initiative.org\/wp-content\/uploads\/2023\/11\/CH1621049_Mwanza-community-members-receive-a-COVID-19-vaccine-845x321.png\" class=\"wp-image-22742 avia-img-lazy-loading-not-22742 attachment-entry_with_sidebar size-entry_with_sidebar wp-post-image\" alt=\"\" srcset=\"https:\/\/www.ready-initiative.org\/wp-content\/uploads\/2023\/11\/CH1621049_Mwanza-community-members-receive-a-COVID-19-vaccine-845x321.png 845w, https:\/\/www.ready-initiative.org\/wp-content\/uploads\/2023\/11\/CH1621049_Mwanza-community-members-receive-a-COVID-19-vaccine-18x6.png 18w\" sizes=\"(max-width: 845px) 100vw, 845px\" \/><\/a><\/div><div class='blog-meta'><\/div><div class='entry-content-wrapper clearfix standard-content'><header class=\"entry-content-header\"><h2 class='post-title entry-title' itemprop=\"headline\" ><a href=\"https:\/\/www.ready-initiative.org\/fr\/launch-event-locally-led-action-in-outbreak-response\/\" rel=\"bookmark\" title=\"Lien permanent : Lancement de l&#039;\u00e9v\u00e9nement : Action men\u00e9e localement dans la r\u00e9ponse aux \u00e9pid\u00e9mies\">Lancement de l&#039;\u00e9v\u00e9nement : Action men\u00e9e localement dans la r\u00e9ponse aux \u00e9pid\u00e9mies<span class=\"post-format-icon minor-meta\"><\/span><\/a><\/h2><\/span><\/header><div class=\"entry-content\" itemprop=\"text\" ><p>29 NOVEMBRE 2023 | 08h00-09h00 EST \/ 13h00-14h00 BST \/ 15h00-16h00 EAT || <strong>Lancement d&#039;un nouveau rapport sur les progr\u00e8s r\u00e9alis\u00e9s en mati\u00e8re de pr\u00e9paration et de r\u00e9ponse aux \u00e9pid\u00e9mies men\u00e9es au niveau local<\/strong> || Intervenants : Degan Ali, Adeso ; Jameel Abdo, Tamdeen Youth Foundation ; Dr. Eba Pasha, Global Health Cluster ; Dr. Alex Mutanganayi Yogolelo, Sp\u00e9cialiste en sant\u00e9 publique humanitaire (<a href=\"https:\/\/www.ready-initiative.org\/fr\/launch-event-locally-led-action-in-outbreak-response\/#bios\">(Voir les biographies compl\u00e8tes des intervenants ci-dessous)<\/a><br \/>\n\u2014<br \/>\nRegardez l&#039;enregistrement :<br \/>\n<br class=\"avia-permanent-lb\" \/><br \/>\n<iframe style=\"display: block; margin: 0 auto;\" src=\"https:\/\/www.youtube.com\/embed\/SrKptLj0yhM\" width=\"560\" height=\"315\" frameborder=\"0\" allowfullscreen=\"allowfullscreen\"><\/iframe><br \/>\n&#8211;<\/p>\n<p>L&#039;initiative READY a invit\u00e9 la communaut\u00e9 humanitaire de la sant\u00e9 au lancement de ce nouveau rapport : <em><a href=\"https:\/\/www.ready-initiative.org\/fr\/resource\/why-the-delay-perspectives-of-national-and-local-actors-on-progress-toward-locally-led-outbreak-readiness-and-response\/\" rel=\"noopener\" target=\"_blank\">Pourquoi ce retard ? Points de vue des acteurs nationaux et locaux sur les progr\u00e8s r\u00e9alis\u00e9s en mati\u00e8re de pr\u00e9paration et de r\u00e9ponse aux \u00e9pid\u00e9mies men\u00e9es au niveau local<\/a><\/em> pendant une <strong>webinaire d&#039;une heure le 29 novembre<\/strong> (08h00-09h00 EST \/ 13h00-14h00 BST \/ 15h00-16h00 EAT). Le rapport est disponible sous forme de <a href=\"https:\/\/www.ready-initiative.org\/fr\/resource\/why-the-delay-perspectives-of-national-and-local-actors-on-progress-toward-locally-led-outbreak-readiness-and-response\/\" rel=\"noopener\" target=\"_blank\">PDF de 38 pages<\/a>; un <a href=\"https:\/\/www.ready-initiative.org\/fr\/resource\/two-page-brief-why-the-delay-perspectives-of-national-and-local-actors-on-progress-toward-locally-led-outbreak-readiness-and-response\/\" rel=\"noopener\" target=\"_blank\">m\u00e9moire de deux pages<\/a> est \u00e9galement disponible.<\/p>\n<p>Le document, \u00e9labor\u00e9 en collaboration avec Anthrologica, consolide les perspectives locales sur les actions n\u00e9cessaires pour acc\u00e9l\u00e9rer le changement en vue d\u2019une action locale efficace et significative dans la pr\u00e9paration et la r\u00e9ponse aux principales \u00e9pid\u00e9mies de maladies dans les contextes humanitaires, et pour mieux r\u00e9pondre aux besoins holistiques des populations affect\u00e9es.<\/p>\n<p>Le webinaire a \u00e9t\u00e9 mod\u00e9r\u00e9 par le directeur ex\u00e9cutif d&#039;Adeso, Degan Ali, et a pr\u00e9sent\u00e9 une table ronde d&#039;experts entre des experts humanitaires et de sant\u00e9 publique mondiaux et nationaux et leurs r\u00e9flexions sur les d\u00e9fis de localisation et les solutions propos\u00e9es pour faire progresser l&#039;action men\u00e9e localement dans les efforts de pr\u00e9paration, de pr\u00e9paration et de r\u00e9ponse aux \u00e9pid\u00e9mies.<\/p>\n<h3>Mod\u00e9rateur et pan\u00e9listes experts en vedette<\/h3>\n<ul>\n<li><strong>Mod\u00e9rateur<\/strong>: Degan Ali, directeur ex\u00e9cutif, Adeso, Kenya<\/li>\n<li><strong>Intervenants<\/strong>:<\/li>\n<ul>\n<li>Jameel Abdo, PDG de la Fondation Tamdeen pour la jeunesse, Y\u00e9men<\/li>\n<li>Dr Eba Pasha, Responsable technique, Groupe sectoriel de la sant\u00e9 mondiale<\/li>\n<li>Dr Alex Mutanganayi Yogolelo, sp\u00e9cialiste de la sant\u00e9 publique humanitaire, R\u00e9publique d\u00e9mocratique du Congo<\/li>\n<\/ul>\n<\/ul>\n<p>(<a href=\"https:\/\/www.ready-initiative.org\/fr\/launch-event-locally-led-action-in-outbreak-response\/#bios\">Voir les biographies compl\u00e8tes des intervenants ci-dessous<\/a>)<\/p>\n<p><em>Cet \u00e9v\u00e9nement \u00e9tait organis\u00e9 par l&#039;initiative READY, dirig\u00e9e par Save the Children et financ\u00e9e par le Bureau d&#039;assistance humanitaire de l&#039;USAID.<\/em><\/p>\n<h3><a name=\"bios\"><\/a>Biographies des mod\u00e9rateurs et des intervenants<\/h3>\n<p><strong>Degan Ali, Directeur ex\u00e9cutif \u2013 Adeso (Mod\u00e9rateur)<\/strong><\/p>\n<p>Degan Ali est une dirigeante humanitaire de renomm\u00e9e internationale qui est \u00e0 l\u2019avant-garde du changement de pouvoir depuis des d\u00e9cennies. Elle est membre de la Fondation Rockefeller pour l\u2019innovation sociale, collaboratrice de l\u2019Overseas Development Institute\/Humanitarian Policy Group et du Global Food Security Journal. Degan est \u00e9galement cofondatrice du premier r\u00e9seau de la soci\u00e9t\u00e9 civile du Sud pour les organisations humanitaires locales et nationales, le Network for Empowered Aid Response (NEAR). Elle est une innovatrice, qui traduit des id\u00e9es r\u00e9volutionnaires en actions, comme le fait d\u2019avoir \u00e9t\u00e9 pionni\u00e8re du premier transfert d\u2019argent liquide \u00e0 grande \u00e9chelle, en 2003 en Somalie, menant la transition vers une acceptation mondiale de l\u2019aide en esp\u00e8ces. Son travail a \u00e9t\u00e9 pr\u00e9sent\u00e9 dans le New York Times, Al Jazeera et The Guardian. Parmi ses principales r\u00e9alisations, on compte le fait d\u2019avoir dirig\u00e9 Adeso dans le domaine des transferts d\u2019argent liquide, et d\u2019avoir \u00e9tabli l\u2019objectif de localisation 25% dans le cadre du Grand Bargain Commitment. Elle est bas\u00e9e au Kenya et travaille avec des organisations et des philanthropes du monde entier, rassemblant et identifiant les efforts visant \u00e0 d\u00e9coloniser l\u2019aide et la philanthropie.<\/p>\n<p><strong>Jameel Abdo, PDG de la Fondation Tamdeen pour la jeunesse (pan\u00e9liste)<\/strong><\/p>\n<p>Jameel Abdo a plus de 22 ans d&#039;exp\u00e9rience en gestion de programmes et de projets dans les domaines humanitaires et non humanitaires et 15 ans d&#039;exp\u00e9rience \u00e0 des postes de direction. Jameel est titulaire d&#039;une ma\u00eetrise en gestion de projets et d&#039;une licence en g\u00e9nie civil. Jameel a plus de sept ans d&#039;exp\u00e9rience en leadership dans le travail humanitaire, la gestion de projets d&#039;intervention d&#039;urgence, le redressement \u00e9conomique, la consolidation de la paix et le d\u00e9veloppement local. Il comprend parfaitement le contexte humanitaire et social et les besoins des populations et des groupes touch\u00e9s par le conflit au Y\u00e9men. Jameel est le PDG de la Tamdeen Youth Foundation, qui dirige le mouvement de localisation au Y\u00e9men. Jameel travaille en \u00e9troite collaboration avec ICVA, RSH, NEAR et d&#039;autres plateformes nationales, r\u00e9gionales et mondiales. Jameel est membre du NEAR Leadership Council et membre du Operational Policy and Advocacy Group (OPAG).<\/p>\n<p><strong>Dr. Eba Pasha, Responsable technique, Groupe sectoriel de la sant\u00e9 mondiale (Pan\u00e9liste)<\/strong><\/p>\n<p>Le Dr Eba Pasha est une sp\u00e9cialiste de la sant\u00e9 publique mondiale et m\u00e9decin urgentiste avec plus de 20 ans d&#039;exp\u00e9rience dans les crises humanitaires, les urgences sanitaires, le renforcement et la coordination des syst\u00e8mes de sant\u00e9 dans les pays fragiles, en conflit ou \u00e0 faible revenu. Elle est responsable technique du Global Health Cluster (GHC), qui soutient l&#039;\u00e9laboration et la mise en \u0153uvre de sa strat\u00e9gie de localisation, ainsi que la direction de l&#039;\u00e9quipe de travail COVID-19 qui, avec 30 partenaires, a produit des outils, des orientations, des plaidoyers, ainsi que des \u00e9tudes sur les le\u00e7ons apprises sur la r\u00e9ponse au COVID-19 dans les contextes humanitaires. Le Dr Pasha a travaill\u00e9 avec diverses organisations, des ONG locales aux ONG internationales, l&#039;ONU et des donateurs. Elle est \u00e9galement cofondatrice et directrice d&#039;une petite ONG travaillant dans les zones rurales inondables du Bangladesh, son pays d&#039;origine, se concentrant sur les activit\u00e9s d&#039;autonomisation des femmes, les soins de sant\u00e9, y compris CEmONC, l&#039;\u00e9ducation des enfants et souvent le principal et le seul intervenant en cas de catastrophe. Elle poss\u00e8de une expertise technique en mati\u00e8re de coordination et de recherche de consensus, d&#039;\u00e9laboration de normes minimales en mati\u00e8re de r\u00e9ponse humanitaire, d&#039;\u00e9laboration de strat\u00e9gies, de recherche qualitative et quantitative, de suivi et d&#039;\u00e9valuation.<\/p>\n<p><strong>Dr. Alex Mutanganayi Yogolelo, sp\u00e9cialiste en sant\u00e9 publique humanitaire (pan\u00e9liste)<\/strong><\/p>\n<p>Dr. Alex Mutanganayi Yogolelo est un acteur humanitaire engag\u00e9 avec une comp\u00e9tence d\u00e9velopp\u00e9e en mati\u00e8re de r\u00e9flexion strat\u00e9gique, d&#039;analyse critique et de leadership qui peut \u00eatre utilis\u00e9e dans certains des environnements les plus difficiles et les plus complexes du monde. Les domaines d&#039;expertise du Dr Alex comprennent le d\u00e9veloppement et la gestion d&#039;une r\u00e9ponse humanitaire, le soutien \u00e0 la mise en \u0153uvre d&#039;un programme multisectoriel en fournissant une supervision strat\u00e9gique globale du portefeuille de programmes et en veillant \u00e0 ce que les programmes soient ex\u00e9cut\u00e9s \u00e0 l&#039;\u00e9chelle, \u00e0 la port\u00e9e, \u00e0 la qualit\u00e9 et \u00e0 la responsabilit\u00e9 appropri\u00e9es attendues. Le Dr Alex a commenc\u00e9 sa carri\u00e8re dans diff\u00e9rentes ONG congolaises locales en tant que conseiller en sant\u00e9 et a travaill\u00e9 comme m\u00e9decin dans divers h\u00f4pitaux \u00e0 l&#039;int\u00e9rieur et \u00e0 l&#039;ext\u00e9rieur de la RDC. Il a rejoint Save the Children International (SCI) en octobre 2014 pour r\u00e9pondre \u00e0 l&#039;\u00e9pid\u00e9mie d&#039;Ebola en Afrique de l&#039;Ouest. D&#039;ao\u00fbt 2018 \u00e0 mars 2020, le Dr Alex a \u00e9t\u00e9 responsable clinique et chef d&#039;\u00e9quipe adjoint du programme Ebola de SCI dans le Grand Nord Kivu bas\u00e9 \u00e0 Beni, en RDC et a rejoint Kinshasa en avril 2020 pour soutenir la r\u00e9ponse au COVID-19 en tant que chef d&#039;\u00e9quipe de r\u00e9ponse.<\/p>\n<p><a href=\"https:\/\/ready-initiative.us19.list-manage.com\/subscribe?u=be9098966abbb9bbcf9743945&#038;id=97885a9976\" rel=\"noopener\" target=\"_blank\"><em>Abonnez-vous \u00e0 la liste de diffusion de READY<\/a> pour recevoir des annonces futures sur les opportunit\u00e9s de formation, les webinaires et d&#039;autres mises \u00e0 jour<\/em><\/p>\n<\/div><footer class=\"entry-footer\"><\/footer><div class='post_delimiter'><\/div><\/div><div class='post_author_timeline'><\/div><span class='hidden'>\n\t\t\t\t<span class='av-structured-data' itemprop=\"image\" itemscope=\"itemscope\" itemtype=\"https:\/\/schema.org\/ImageObject\" >\n\t\t\t\t\t\t<span itemprop='url'>https:\/\/www.ready-initiative.org\/wp-content\/uploads\/2023\/11\/CH1621049_Mwanza-community-members-receive-a-COVID-19-vaccine.png<\/span>\n\t\t\t\t\t\t<span itemprop='height'>423<\/span>\n\t\t\t\t\t\t<span itemprop='width'>1200<\/span>\n\t\t\t\t<\/span>\n\t\t\t\t<span class='av-structured-data' itemprop=\"publisher\" itemtype=\"https:\/\/schema.org\/Organization\" itemscope=\"itemscope\" >\n\t\t\t\t\t\t<span itemprop='name'>PR\u00caT<\/span>\n\t\t\t\t\t\t<span itemprop='logo' itemscope itemtype='https:\/\/schema.org\/ImageObject'>\n\t\t\t\t\t\t\t<span itemprop='url'>https:\/\/www.ready-initiative.org\/wp-content\/uploads\/2022\/05\/READY2-logo-1030x383.png<\/span>\n\t\t\t\t\t\t<\/span>\n\t\t\t\t<\/span><span class='av-structured-data' itemprop=\"author\" itemscope=\"itemscope\" itemtype=\"https:\/\/schema.org\/Person\" ><span itemprop='name'>PR\u00caT<\/span><\/span><span class='av-structured-data' itemprop=\"datePublished\" datetime=\"2023-11-15T17:24:17-05:00\" >2023-11-15 17:24:17<\/span><span class='av-structured-data' itemprop=\"dateModified\" itemtype=\"https:\/\/schema.org\/dateModified\" >2023-11-29 16:08:32<\/span><span class='av-structured-data' itemprop=\"mainEntityOfPage\" itemtype=\"https:\/\/schema.org\/mainEntityOfPage\" ><span itemprop='name'>Lancement de l&#039;\u00e9v\u00e9nement : Action men\u00e9e localement dans la r\u00e9ponse aux \u00e9pid\u00e9mies<\/span><\/span><\/span><\/article><div class='single-big'><nav class='pagination'><span class='pagination-meta'>Page 1 sur 17<\/span><span class='current'>1<\/span><a href='https:\/\/www.ready-initiative.org\/fr\/wp-json\/wp\/v2\/pages\/84\/page\/2\/' class='inactive next_page' >2<\/a><a href='https:\/\/www.ready-initiative.org\/fr\/wp-json\/wp\/v2\/pages\/84\/page\/3\/' class='inactive' >3<\/a><a href='https:\/\/www.ready-initiative.org\/fr\/wp-json\/wp\/v2\/pages\/84\/page\/2\/'>\u203a<\/a><a href='https:\/\/www.ready-initiative.org\/fr\/wp-json\/wp\/v2\/pages\/84\/page\/17\/'>\u00bb<\/a><\/nav>\n<\/div><\/div>","protected":false},"excerpt":{"rendered":"","protected":false},"author":2,"featured_media":0,"parent":0,"menu_order":0,"comment_status":"closed","ping_status":"closed","template":"","meta":{"publish_to_discourse":"","publish_post_category":"","wpdc_auto_publish_overridden":"","wpdc_topic_tags":"","wpdc_pin_topic":"","wpdc_pin_until":"","discourse_post_id":"","discourse_permalink":"","wpdc_publishing_response":"","wpdc_publishing_error":"","footnotes":""},"disease_type":[],"language":[],"topic":[],"document_type":[],"highlighted_resource":[],"class_list":["post-84","page","type-page","status-publish","hentry"],"_links":{"self":[{"href":"https:\/\/www.ready-initiative.org\/fr\/wp-json\/wp\/v2\/pages\/84"}],"collection":[{"href":"https:\/\/www.ready-initiative.org\/fr\/wp-json\/wp\/v2\/pages"}],"about":[{"href":"https:\/\/www.ready-initiative.org\/fr\/wp-json\/wp\/v2\/types\/page"}],"author":[{"embeddable":true,"href":"https:\/\/www.ready-initiative.org\/fr\/wp-json\/wp\/v2\/users\/2"}],"replies":[{"embeddable":true,"href":"https:\/\/www.ready-initiative.org\/fr\/wp-json\/wp\/v2\/comments?post=84"}],"version-history":[{"count":0,"href":"https:\/\/www.ready-initiative.org\/fr\/wp-json\/wp\/v2\/pages\/84\/revisions"}],"wp:attachment":[{"href":"https:\/\/www.ready-initiative.org\/fr\/wp-json\/wp\/v2\/media?parent=84"}],"wp:term":[{"taxonomy":"disease_type","embeddable":true,"href":"https:\/\/www.ready-initiative.org\/fr\/wp-json\/wp\/v2\/disease_type?post=84"},{"taxonomy":"language","embeddable":true,"href":"https:\/\/www.ready-initiative.org\/fr\/wp-json\/wp\/v2\/language?post=84"},{"taxonomy":"topic","embeddable":true,"href":"https:\/\/www.ready-initiative.org\/fr\/wp-json\/wp\/v2\/topic?post=84"},{"taxonomy":"document_type","embeddable":true,"href":"https:\/\/www.ready-initiative.org\/fr\/wp-json\/wp\/v2\/document_type?post=84"},{"taxonomy":"highlighted_resource","embeddable":true,"href":"https:\/\/www.ready-initiative.org\/fr\/wp-json\/wp\/v2\/highlighted_resource?post=84"}],"curies":[{"name":"wp","href":"https:\/\/api.w.org\/{rel}","templated":true}]}}